{"id":1081,"date":"2019-03-12T10:47:12","date_gmt":"2019-03-12T09:47:12","guid":{"rendered":"https:\/\/www.monteescalier.net\/france\/?page_id=1081"},"modified":"2020-01-14T16:56:45","modified_gmt":"2020-01-14T15:56:45","slug":"monte-escalier-chartres","status":"publish","type":"page","link":"https:\/\/www.monteescalier.net\/france\/monte-escalier-chartres\/","title":{"rendered":"Monte escalier Chartres"},"content":{"rendered":"<h1>Les vendeurs de monte escalier \u00e0 Chartres<\/h1>\n<div class=\"boite_texte\">\n<div style=\"text-align: justify; margin-bottom: 10px;\">Vous voulez faire installer un monte escalier \u00e0 Chartres, avec monteescalier.net vous allez pouvoir faire jouer la concurrence, et faire baisser les prix en obtenant facilement 4 devis gratuits.<\/div>\n<div style=\"text-align: justify; margin-bottom: 10px;\">Nous sommes des interm\u00e9diaires entre vous et les revendeurs de monte escalier sur Chartres. Nous pouvons en cons\u00e9quence vous mettre en relation tr\u00e8s rapidement et gratuitement avec les principaux vendeurs de monte escalier \u00e0 Chartres.<\/div>\n<div style=\"text-align: justify; margin-bottom: 10px;\">Inutile de chercher et d&rsquo;appeler tous les revendeurs de monte escalier de Chartres. En compl\u00e9tant une demande de devis sur notre site, vous recevrez gratuitement plusieurs propositions des professionnels de votre r\u00e9gion, sans vous d\u00e9placer. Vous n&rsquo;aurez plus qu&rsquo;\u00e0 choisir la meilleure offre.<\/div>\n<div style=\"text-align: justify; margin-bottom: 10px;\">Chaque installation de monte escalier \u00e9tant sp\u00e9cifique, vous pouvez \u00eatre amen\u00e9 \u00e0 vouloir en parler avec de v\u00e9ritables experts, professionnels de l&rsquo;installation de monte escalier \u00e0 Chartres. Pour vous faciliter la t\u00e2che, utilisez notre service de demande de rappel, un formulaire avec vos coordonn\u00e9es \u00e0 remplir et vous serez tr\u00e8s vite rappel\u00e9s par nos partenaire dans votre d\u00e9partement.<\/div>\n<div align=\"center\">\n<div id=\"attachment_6809\" style=\"width: 226px\" class=\"wp-caption aligncenter\"><a href=\"https:\/\/www.monteescalier.net\/france\/wp-content\/uploads\/2013\/09\/chartres-rosette-cathedrale.jpg\"><img loading=\"lazy\" decoding=\"async\" aria-describedby=\"caption-attachment-6809\" class=\"size-medium wp-image-6809\" src=\"https:\/\/www.monteescalier.net\/france\/wp-content\/uploads\/2013\/09\/chartres-rosette-cathedrale-216x300.jpg\" alt=\"Chartres - La cath\u00e9drale\" width=\"216\" height=\"300\" srcset=\"https:\/\/www.monteescalier.net\/france\/wp-content\/uploads\/2013\/09\/chartres-rosette-cathedrale-216x300.jpg 216w, https:\/\/www.monteescalier.net\/france\/wp-content\/uploads\/2013\/09\/chartres-rosette-cathedrale-739x1024.jpg 739w, https:\/\/www.monteescalier.net\/france\/wp-content\/uploads\/2013\/09\/chartres-rosette-cathedrale.jpg 924w\" sizes=\"auto, (max-width: 216px) 100vw, 216px\" \/><\/a><p id=\"caption-attachment-6809\" class=\"wp-caption-text\">Chartres &#8211; La cath\u00e9drale<\/p><\/div>\n<\/div>\n<div style=\"text-align: justify; margin-bottom: 10px;\">Consulter des brochures de pr\u00e9sentation produits peut vous aider \u00e0 faire un tri parmi les mod\u00e8les de monte escalier. Nos partenaires peuvent mettre \u00e0 votre disposition des brochures papier ou \u00e9lectroniques. Le formulaire de demande de documentation sur ce site vous permettra d&rsquo;acc\u00e9der gratuitement \u00e0 ce service.<\/div>\n<div style=\"text-align: justify; margin-bottom: 10px;\">Demande de doc, demande de devis, demande de rappel sont des services totalement gratuits sur monteescalier.net, pas de co\u00fbt cach\u00e9s, pas d&rsquo;obligations. Vos demandes sont aussit\u00f4t transmises \u00e0 nos prestataires partenaires desservant la ville de Chartres et sa r\u00e9gion. Libre \u00e0 vous de signer avec celui de votre choix, ou aucun d&rsquo;entre eux si leurs propositions ne vous conviennent pas.<\/div>\n<\/div>\n<div class=\"titre_liens\">Nos autres offres de monte escalier dans votre secteur<\/div>\n<div class=\"boite_liens\"><a href=\"https:\/\/www.monteescalier.net\/france\/monte-escalier-dreux\">Monte escalier Dreux<\/a><br \/>\n<a href=\"https:\/\/www.monteescalier.net\/france\/monte-escalier-luce\">Monte escalier Luc\u00e9<\/a><br \/>\n<a href=\"https:\/\/www.monteescalier.net\/france\/monte-escalier-chateaudun\">Monte escalier Ch\u00e2teaudun<\/a><br \/>\n<a href=\"https:\/\/www.monteescalier.net\/france\/monte-escalier-vernouillet\">Monte escalier Vernouillet<\/a><br \/>\n<a href=\"https:\/\/www.monteescalier.net\/france\/monte-escalier-nogent-le-rotrou\">Monte escalier Nogent-le-Rotrou<\/a><\/div>\n","protected":false},"excerpt":{"rendered":"<p>Les vendeurs de monte escalier \u00e0 Chartres Vous voulez faire installer un monte escalier \u00e0 Chartres, avec monteescalier.net vous allez pouvoir faire jouer la concurrence, et faire baisser les prix en obtenant facilement 4 devis gratuits. Nous sommes des interm\u00e9diaires entre vous et les revendeurs de monte escalier sur Chartres. Nous pouvons en cons\u00e9quence vous [&hellip;]<\/p>\n","protected":false},"author":1,"featured_media":0,"parent":0,"menu_order":0,"comment_status":"closed","ping_status":"open","template":"template_ville_10.php","meta":{"_monsterinsights_skip_tracking":false,"_monsterinsights_sitenote_active":false,"_monsterinsights_sitenote_note":"","_monsterinsights_sitenote_category":0,"footnotes":""},"class_list":["post-1081","page","type-page","status-publish","hentry"],"yoast_head":"<!-- This site is optimized with the Yoast SEO plugin v26.3 - https:\/\/yoast.com\/wordpress\/plugins\/seo\/ -->\n<title>Monte escalier Chartres - Monte escalier<\/title>\n<meta name=\"robots\" content=\"index, follow, max-snippet:-1, max-image-preview:large, max-video-preview:-1\" \/>\n<link rel=\"canonical\" href=\"https:\/\/www.monteescalier.net\/france\/monte-escalier-chartres\/\" \/>\n<meta property=\"og:locale\" content=\"fr_FR\" \/>\n<meta property=\"og:type\" content=\"article\" \/>\n<meta property=\"og:title\" content=\"Monte escalier Chartres - Monte escalier\" \/>\n<meta property=\"og:description\" content=\"Les vendeurs de monte escalier \u00e0 Chartres Vous voulez faire installer un monte escalier \u00e0 Chartres, avec monteescalier.net vous allez pouvoir faire jouer la concurrence, et faire baisser les prix en obtenant facilement 4 devis gratuits. Nous sommes des interm\u00e9diaires entre vous et les revendeurs de monte escalier sur Chartres. Nous pouvons en cons\u00e9quence vous [&hellip;]\" \/>\n<meta property=\"og:url\" content=\"https:\/\/www.monteescalier.net\/france\/monte-escalier-chartres\/\" \/>\n<meta property=\"og:site_name\" content=\"Monte escalier\" \/>\n<meta property=\"article:modified_time\" content=\"2020-01-14T15:56:45+00:00\" \/>\n<meta property=\"og:image\" content=\"https:\/\/www.monteescalier.net\/france\/wp-content\/uploads\/2013\/09\/chartres-rosette-cathedrale-216x300.jpg\" \/>\n<meta name=\"twitter:card\" content=\"summary_large_image\" \/>\n<meta name=\"twitter:label1\" content=\"Dur\u00e9e de lecture estim\u00e9e\" \/>\n\t<meta name=\"twitter:data1\" content=\"2 minutes\" \/>\n<script type=\"application\/ld+json\" class=\"yoast-schema-graph\">{\"@context\":\"https:\/\/schema.org\",\"@graph\":[{\"@type\":\"WebPage\",\"@id\":\"https:\/\/www.monteescalier.net\/france\/monte-escalier-chartres\/\",\"url\":\"https:\/\/www.monteescalier.net\/france\/monte-escalier-chartres\/\",\"name\":\"Monte escalier Chartres - Monte escalier\",\"isPartOf\":{\"@id\":\"https:\/\/www.monteescalier.net\/france\/#website\"},\"primaryImageOfPage\":{\"@id\":\"https:\/\/www.monteescalier.net\/france\/monte-escalier-chartres\/#primaryimage\"},\"image\":{\"@id\":\"https:\/\/www.monteescalier.net\/france\/monte-escalier-chartres\/#primaryimage\"},\"thumbnailUrl\":\"https:\/\/www.monteescalier.net\/france\/wp-content\/uploads\/2013\/09\/chartres-rosette-cathedrale-216x300.jpg\",\"datePublished\":\"2019-03-12T09:47:12+00:00\",\"dateModified\":\"2020-01-14T15:56:45+00:00\",\"breadcrumb\":{\"@id\":\"https:\/\/www.monteescalier.net\/france\/monte-escalier-chartres\/#breadcrumb\"},\"inLanguage\":\"fr-FR\",\"potentialAction\":[{\"@type\":\"ReadAction\",\"target\":[\"https:\/\/www.monteescalier.net\/france\/monte-escalier-chartres\/\"]}]},{\"@type\":\"ImageObject\",\"inLanguage\":\"fr-FR\",\"@id\":\"https:\/\/www.monteescalier.net\/france\/monte-escalier-chartres\/#primaryimage\",\"url\":\"https:\/\/www.monteescalier.net\/france\/wp-content\/uploads\/2013\/09\/chartres-rosette-cathedrale.jpg\",\"contentUrl\":\"https:\/\/www.monteescalier.net\/france\/wp-content\/uploads\/2013\/09\/chartres-rosette-cathedrale.jpg\",\"width\":924,\"height\":1280,\"caption\":\"Chartres - La cath\u00e9drale\"},{\"@type\":\"BreadcrumbList\",\"@id\":\"https:\/\/www.monteescalier.net\/france\/monte-escalier-chartres\/#breadcrumb\",\"itemListElement\":[{\"@type\":\"ListItem\",\"position\":1,\"name\":\"Accueil\",\"item\":\"https:\/\/www.monteescalier.net\/france\/\"},{\"@type\":\"ListItem\",\"position\":2,\"name\":\"Monte escalier Chartres\"}]},{\"@type\":\"WebSite\",\"@id\":\"https:\/\/www.monteescalier.net\/france\/#website\",\"url\":\"https:\/\/www.monteescalier.net\/france\/\",\"name\":\"Monte escalier\",\"description\":\"\",\"publisher\":{\"@id\":\"https:\/\/www.monteescalier.net\/france\/#organization\"},\"potentialAction\":[{\"@type\":\"SearchAction\",\"target\":{\"@type\":\"EntryPoint\",\"urlTemplate\":\"https:\/\/www.monteescalier.net\/france\/?s={search_term_string}\"},\"query-input\":{\"@type\":\"PropertyValueSpecification\",\"valueRequired\":true,\"valueName\":\"search_term_string\"}}],\"inLanguage\":\"fr-FR\"},{\"@type\":\"Organization\",\"@id\":\"https:\/\/www.monteescalier.net\/france\/#organization\",\"name\":\"monte-escalier.net\",\"url\":\"https:\/\/www.monteescalier.net\/france\/\",\"logo\":{\"@type\":\"ImageObject\",\"inLanguage\":\"fr-FR\",\"@id\":\"https:\/\/www.monteescalier.net\/france\/#\/schema\/logo\/image\/\",\"url\":\"https:\/\/www.monteescalier.net\/france\/wp-content\/uploads\/2016\/10\/4devis-mont-escalier-500-500.gif\",\"contentUrl\":\"https:\/\/www.monteescalier.net\/france\/wp-content\/uploads\/2016\/10\/4devis-mont-escalier-500-500.gif\",\"width\":500,\"height\":500,\"caption\":\"monte-escalier.net\"},\"image\":{\"@id\":\"https:\/\/www.monteescalier.net\/france\/#\/schema\/logo\/image\/\"}}]}<\/script>\n<!-- \/ Yoast SEO plugin. -->","yoast_head_json":{"title":"Monte escalier Chartres - Monte escalier","robots":{"index":"index","follow":"follow","max-snippet":"max-snippet:-1","max-image-preview":"max-image-preview:large","max-video-preview":"max-video-preview:-1"},"canonical":"https:\/\/www.monteescalier.net\/france\/monte-escalier-chartres\/","og_locale":"fr_FR","og_type":"article","og_title":"Monte escalier Chartres - Monte escalier","og_description":"Les vendeurs de monte escalier \u00e0 Chartres Vous voulez faire installer un monte escalier \u00e0 Chartres, avec monteescalier.net vous allez pouvoir faire jouer la concurrence, et faire baisser les prix en obtenant facilement 4 devis gratuits. Nous sommes des interm\u00e9diaires entre vous et les revendeurs de monte escalier sur Chartres. Nous pouvons en cons\u00e9quence vous [&hellip;]","og_url":"https:\/\/www.monteescalier.net\/france\/monte-escalier-chartres\/","og_site_name":"Monte escalier","article_modified_time":"2020-01-14T15:56:45+00:00","og_image":[{"url":"https:\/\/www.monteescalier.net\/france\/wp-content\/uploads\/2013\/09\/chartres-rosette-cathedrale-216x300.jpg","type":"","width":"","height":""}],"twitter_card":"summary_large_image","twitter_misc":{"Dur\u00e9e de lecture estim\u00e9e":"2 minutes"},"schema":{"@context":"https:\/\/schema.org","@graph":[{"@type":"WebPage","@id":"https:\/\/www.monteescalier.net\/france\/monte-escalier-chartres\/","url":"https:\/\/www.monteescalier.net\/france\/monte-escalier-chartres\/","name":"Monte escalier Chartres - Monte escalier","isPartOf":{"@id":"https:\/\/www.monteescalier.net\/france\/#website"},"primaryImageOfPage":{"@id":"https:\/\/www.monteescalier.net\/france\/monte-escalier-chartres\/#primaryimage"},"image":{"@id":"https:\/\/www.monteescalier.net\/france\/monte-escalier-chartres\/#primaryimage"},"thumbnailUrl":"https:\/\/www.monteescalier.net\/france\/wp-content\/uploads\/2013\/09\/chartres-rosette-cathedrale-216x300.jpg","datePublished":"2019-03-12T09:47:12+00:00","dateModified":"2020-01-14T15:56:45+00:00","breadcrumb":{"@id":"https:\/\/www.monteescalier.net\/france\/monte-escalier-chartres\/#breadcrumb"},"inLanguage":"fr-FR","potentialAction":[{"@type":"ReadAction","target":["https:\/\/www.monteescalier.net\/france\/monte-escalier-chartres\/"]}]},{"@type":"ImageObject","inLanguage":"fr-FR","@id":"https:\/\/www.monteescalier.net\/france\/monte-escalier-chartres\/#primaryimage","url":"https:\/\/www.monteescalier.net\/france\/wp-content\/uploads\/2013\/09\/chartres-rosette-cathedrale.jpg","contentUrl":"https:\/\/www.monteescalier.net\/france\/wp-content\/uploads\/2013\/09\/chartres-rosette-cathedrale.jpg","width":924,"height":1280,"caption":"Chartres - La cath\u00e9drale"},{"@type":"BreadcrumbList","@id":"https:\/\/www.monteescalier.net\/france\/monte-escalier-chartres\/#breadcrumb","itemListElement":[{"@type":"ListItem","position":1,"name":"Accueil","item":"https:\/\/www.monteescalier.net\/france\/"},{"@type":"ListItem","position":2,"name":"Monte escalier Chartres"}]},{"@type":"WebSite","@id":"https:\/\/www.monteescalier.net\/france\/#website","url":"https:\/\/www.monteescalier.net\/france\/","name":"Monte escalier","description":"","publisher":{"@id":"https:\/\/www.monteescalier.net\/france\/#organization"},"potentialAction":[{"@type":"SearchAction","target":{"@type":"EntryPoint","urlTemplate":"https:\/\/www.monteescalier.net\/france\/?s={search_term_string}"},"query-input":{"@type":"PropertyValueSpecification","valueRequired":true,"valueName":"search_term_string"}}],"inLanguage":"fr-FR"},{"@type":"Organization","@id":"https:\/\/www.monteescalier.net\/france\/#organization","name":"monte-escalier.net","url":"https:\/\/www.monteescalier.net\/france\/","logo":{"@type":"ImageObject","inLanguage":"fr-FR","@id":"https:\/\/www.monteescalier.net\/france\/#\/schema\/logo\/image\/","url":"https:\/\/www.monteescalier.net\/france\/wp-content\/uploads\/2016\/10\/4devis-mont-escalier-500-500.gif","contentUrl":"https:\/\/www.monteescalier.net\/france\/wp-content\/uploads\/2016\/10\/4devis-mont-escalier-500-500.gif","width":500,"height":500,"caption":"monte-escalier.net"},"image":{"@id":"https:\/\/www.monteescalier.net\/france\/#\/schema\/logo\/image\/"}}]}},"_links":{"self":[{"href":"https:\/\/www.monteescalier.net\/france\/wp-json\/wp\/v2\/pages\/1081","targetHints":{"allow":["GET"]}}],"collection":[{"href":"https:\/\/www.monteescalier.net\/france\/wp-json\/wp\/v2\/pages"}],"about":[{"href":"https:\/\/www.monteescalier.net\/france\/wp-json\/wp\/v2\/types\/page"}],"author":[{"embeddable":true,"href":"https:\/\/www.monteescalier.net\/france\/wp-json\/wp\/v2\/users\/1"}],"replies":[{"embeddable":true,"href":"https:\/\/www.monteescalier.net\/france\/wp-json\/wp\/v2\/comments?post=1081"}],"version-history":[{"count":3,"href":"https:\/\/www.monteescalier.net\/france\/wp-json\/wp\/v2\/pages\/1081\/revisions"}],"predecessor-version":[{"id":8297,"href":"https:\/\/www.monteescalier.net\/france\/wp-json\/wp\/v2\/pages\/1081\/revisions\/8297"}],"wp:attachment":[{"href":"https:\/\/www.monteescalier.net\/france\/wp-json\/wp\/v2\/media?parent=1081"}],"curies":[{"name":"wp","href":"https:\/\/api.w.org\/{rel}","templated":true}]}}