{"id":1187,"date":"2021-09-26T10:47:14","date_gmt":"2021-09-26T09:47:14","guid":{"rendered":"https:\/\/www.monteescalier.net\/france\/?page_id=1187"},"modified":"2021-11-15T17:07:09","modified_gmt":"2021-11-15T16:07:09","slug":"monte-escalier-alencon","status":"publish","type":"page","link":"https:\/\/www.monteescalier.net\/france\/monte-escalier-alencon\/","title":{"rendered":"Monte escalier Alen\u00e7on"},"content":{"rendered":"<h1>Renseignements sur les monte escalier \u00e0 Alen\u00e7on<\/h1>\n<div class=\"boite_texte\">\n<div style=\"text-align:justify; margin-bottom:10px\">Vous souhaitez faire poser un monte escalier \u00e0 Alen\u00e7on, rien de plus ais\u00e9 gr\u00e2ce \u00e0 monteescalier.net vous allez pouvoir faire jouer la concurrence.<\/div>\n<div style=\"text-align:justify; margin-bottom:10px\">L&rsquo;\u00e9quipe de monteescalier.net vous propose de s\u00e9lectionner pour vous les installateurs de monte escalier les plus comp\u00e9titifs dans la r\u00e9gion de Alen\u00e7on. Notre s\u00e9lection est compos\u00e9e de professionnels reconnus du monte escalier parmi lesquels vous trouverez certainement votre prestataire.<\/div>\n<div style=\"text-align:justify; margin-bottom:10px\">A quoi bon multipliez les demandes \u00e0 droite et \u00e0 gauche, alors que nous vous proposons gratuitement de centraliser votre demande aupr\u00e8s des professionnels du monte escalier de Alen\u00e7on. Saisissez vite vos coordonn\u00e9es dans notre formulaire de demande de devis et vous recevrez leurs propositions directement dans votre boite mail (ou par courrier si vous pr\u00e9f\u00e9rez).<\/div>\n<div style=\"text-align:justify; margin-bottom:10px\">Permettre la r\u00e9ussite de votre projet d&rsquo;achat de monte escalier sans vous d\u00e9placer, c&rsquo;est ce que notre site vous propose via notre formulaire de demande de rappel. Une fois compl\u00e9t\u00e9 avec vos coordonn\u00e9es, nos experts du monte escalier sur Alen\u00e7on, vous rappelleront tr\u00e8s vite pour \u00e9changer avec vous sur votre futur monte escalier.<\/div>\n<div style=\"text-align:justify; margin-bottom:10px\">Quel mod\u00e8le de monte escalier choisir ? Pour vous aider \u00e0 r\u00e9pondre \u00e0 cette question, aidez vous avec de la documentation gratuite sur les monte escaliers. Nos partenaires revendeurs peuvent, en effet, vous faire parvenir de la documentation sur les mod\u00e8les qu&rsquo;ils proposent \u00e0 la vente et qui vous permettront sans doute d&rsquo;\u00e9tablir une pr\u00e9selection entre les diff\u00e9rents mod\u00e8les que vous pourriez faire poser chez vous.<\/div>\n<div style=\"text-align:justify; margin-bottom:10px\">Combien vont vous co\u00fbter nos services de mise en relation ? R\u00e9ponse, z\u00e9ro euro,&#8230; alors o\u00f9 est le pi\u00e8ge ? Il n&rsquo;y en a aucun, notre offre est totalement sans engagement. Si les propositions de nos partenaires ne vous conviennent pas, vous restez totalement libre d&rsquo;aller voir ailleurs !<\/div>\n<\/div>\n<div class=\"titre_liens\">Nos autres offres de monte escalier dans votre secteur<\/div>\n<div class=\"boite_liens\"><a href=\"https:\/\/www.monteescalier.net\/france\/monte-escalier-flers\">Monte escalier Flers<\/a><br \/>\n<a href=\"https:\/\/www.monteescalier.net\/france\/monte-escalier-argentan\">Monte escalier Argentan<\/a><br \/>\n<a href=\"https:\/\/www.monteescalier.net\/france\/monte-escalier-l-aigle\">Monte escalier Aigle<\/a><br \/>\n<a href=\"https:\/\/www.monteescalier.net\/france\/monte-escalier-la-ferte-mace\">Monte escalier Fert\u00e9-Mac\u00e9<\/a><br \/>\n<a href=\"https:\/\/www.monteescalier.net\/france\/monte-escalier-sees\">Monte escalier S\u00e9es<\/a>\n<\/div>\n","protected":false},"excerpt":{"rendered":"<p>Renseignements sur les monte escalier \u00e0 Alen\u00e7on Vous souhaitez faire poser un monte escalier \u00e0 Alen\u00e7on, rien de plus ais\u00e9 gr\u00e2ce \u00e0 monteescalier.net vous allez pouvoir faire jouer la concurrence. L&rsquo;\u00e9quipe de monteescalier.net vous propose de s\u00e9lectionner pour vous les installateurs de monte escalier les plus comp\u00e9titifs dans la r\u00e9gion de Alen\u00e7on. Notre s\u00e9lection est [&hellip;]<\/p>\n","protected":false},"author":1,"featured_media":0,"parent":0,"menu_order":0,"comment_status":"closed","ping_status":"open","template":"template_ville_7.php","meta":{"_monsterinsights_skip_tracking":false,"_monsterinsights_sitenote_active":false,"_monsterinsights_sitenote_note":"","_monsterinsights_sitenote_category":0,"footnotes":""},"class_list":["post-1187","page","type-page","status-publish","hentry"],"yoast_head":"<!-- This site is optimized with the Yoast SEO plugin v26.3 - https:\/\/yoast.com\/wordpress\/plugins\/seo\/ -->\n<title>Monte escalier Alen\u00e7on - Monte escalier<\/title>\n<meta name=\"description\" content=\"Vous recherchez un monte-escalier \u00e0 Alen\u00e7on - Retrouvez toutes les informations et conditions d&#039;achat aupr\u00e8s de nos partenaires installeurs\" \/>\n<meta name=\"robots\" content=\"index, follow, max-snippet:-1, max-image-preview:large, max-video-preview:-1\" \/>\n<link rel=\"canonical\" href=\"https:\/\/www.monteescalier.net\/france\/monte-escalier-alencon\/\" \/>\n<meta property=\"og:locale\" content=\"fr_FR\" \/>\n<meta property=\"og:type\" content=\"article\" \/>\n<meta property=\"og:title\" content=\"Monte escalier Alen\u00e7on - Monte escalier\" \/>\n<meta property=\"og:description\" content=\"Vous recherchez un monte-escalier \u00e0 Alen\u00e7on - Retrouvez toutes les informations et conditions d&#039;achat aupr\u00e8s de nos partenaires installeurs\" \/>\n<meta property=\"og:url\" content=\"https:\/\/www.monteescalier.net\/france\/monte-escalier-alencon\/\" \/>\n<meta property=\"og:site_name\" content=\"Monte escalier\" \/>\n<meta property=\"article:modified_time\" content=\"2021-11-15T16:07:09+00:00\" \/>\n<meta name=\"twitter:card\" content=\"summary_large_image\" \/>\n<meta name=\"twitter:label1\" content=\"Dur\u00e9e de lecture estim\u00e9e\" \/>\n\t<meta name=\"twitter:data1\" content=\"2 minutes\" \/>\n<script type=\"application\/ld+json\" class=\"yoast-schema-graph\">{\"@context\":\"https:\/\/schema.org\",\"@graph\":[{\"@type\":\"WebPage\",\"@id\":\"https:\/\/www.monteescalier.net\/france\/monte-escalier-alencon\/\",\"url\":\"https:\/\/www.monteescalier.net\/france\/monte-escalier-alencon\/\",\"name\":\"Monte escalier Alen\u00e7on - Monte escalier\",\"isPartOf\":{\"@id\":\"https:\/\/www.monteescalier.net\/france\/#website\"},\"datePublished\":\"2021-09-26T09:47:14+00:00\",\"dateModified\":\"2021-11-15T16:07:09+00:00\",\"description\":\"Vous recherchez un monte-escalier \u00e0 Alen\u00e7on - Retrouvez toutes les informations et conditions d'achat aupr\u00e8s de nos partenaires installeurs\",\"breadcrumb\":{\"@id\":\"https:\/\/www.monteescalier.net\/france\/monte-escalier-alencon\/#breadcrumb\"},\"inLanguage\":\"fr-FR\",\"potentialAction\":[{\"@type\":\"ReadAction\",\"target\":[\"https:\/\/www.monteescalier.net\/france\/monte-escalier-alencon\/\"]}]},{\"@type\":\"BreadcrumbList\",\"@id\":\"https:\/\/www.monteescalier.net\/france\/monte-escalier-alencon\/#breadcrumb\",\"itemListElement\":[{\"@type\":\"ListItem\",\"position\":1,\"name\":\"Accueil\",\"item\":\"https:\/\/www.monteescalier.net\/france\/\"},{\"@type\":\"ListItem\",\"position\":2,\"name\":\"Monte escalier Alen\u00e7on\"}]},{\"@type\":\"WebSite\",\"@id\":\"https:\/\/www.monteescalier.net\/france\/#website\",\"url\":\"https:\/\/www.monteescalier.net\/france\/\",\"name\":\"Monte escalier\",\"description\":\"\",\"publisher\":{\"@id\":\"https:\/\/www.monteescalier.net\/france\/#organization\"},\"potentialAction\":[{\"@type\":\"SearchAction\",\"target\":{\"@type\":\"EntryPoint\",\"urlTemplate\":\"https:\/\/www.monteescalier.net\/france\/?s={search_term_string}\"},\"query-input\":{\"@type\":\"PropertyValueSpecification\",\"valueRequired\":true,\"valueName\":\"search_term_string\"}}],\"inLanguage\":\"fr-FR\"},{\"@type\":\"Organization\",\"@id\":\"https:\/\/www.monteescalier.net\/france\/#organization\",\"name\":\"monte-escalier.net\",\"url\":\"https:\/\/www.monteescalier.net\/france\/\",\"logo\":{\"@type\":\"ImageObject\",\"inLanguage\":\"fr-FR\",\"@id\":\"https:\/\/www.monteescalier.net\/france\/#\/schema\/logo\/image\/\",\"url\":\"https:\/\/www.monteescalier.net\/france\/wp-content\/uploads\/2016\/10\/4devis-mont-escalier-500-500.gif\",\"contentUrl\":\"https:\/\/www.monteescalier.net\/france\/wp-content\/uploads\/2016\/10\/4devis-mont-escalier-500-500.gif\",\"width\":500,\"height\":500,\"caption\":\"monte-escalier.net\"},\"image\":{\"@id\":\"https:\/\/www.monteescalier.net\/france\/#\/schema\/logo\/image\/\"}}]}<\/script>\n<!-- \/ Yoast SEO plugin. -->","yoast_head_json":{"title":"Monte escalier Alen\u00e7on - Monte escalier","description":"Vous recherchez un monte-escalier \u00e0 Alen\u00e7on - Retrouvez toutes les informations et conditions d'achat aupr\u00e8s de nos partenaires installeurs","robots":{"index":"index","follow":"follow","max-snippet":"max-snippet:-1","max-image-preview":"max-image-preview:large","max-video-preview":"max-video-preview:-1"},"canonical":"https:\/\/www.monteescalier.net\/france\/monte-escalier-alencon\/","og_locale":"fr_FR","og_type":"article","og_title":"Monte escalier Alen\u00e7on - Monte escalier","og_description":"Vous recherchez un monte-escalier \u00e0 Alen\u00e7on - Retrouvez toutes les informations et conditions d'achat aupr\u00e8s de nos partenaires installeurs","og_url":"https:\/\/www.monteescalier.net\/france\/monte-escalier-alencon\/","og_site_name":"Monte escalier","article_modified_time":"2021-11-15T16:07:09+00:00","twitter_card":"summary_large_image","twitter_misc":{"Dur\u00e9e de lecture estim\u00e9e":"2 minutes"},"schema":{"@context":"https:\/\/schema.org","@graph":[{"@type":"WebPage","@id":"https:\/\/www.monteescalier.net\/france\/monte-escalier-alencon\/","url":"https:\/\/www.monteescalier.net\/france\/monte-escalier-alencon\/","name":"Monte escalier Alen\u00e7on - Monte escalier","isPartOf":{"@id":"https:\/\/www.monteescalier.net\/france\/#website"},"datePublished":"2021-09-26T09:47:14+00:00","dateModified":"2021-11-15T16:07:09+00:00","description":"Vous recherchez un monte-escalier \u00e0 Alen\u00e7on - Retrouvez toutes les informations et conditions d'achat aupr\u00e8s de nos partenaires installeurs","breadcrumb":{"@id":"https:\/\/www.monteescalier.net\/france\/monte-escalier-alencon\/#breadcrumb"},"inLanguage":"fr-FR","potentialAction":[{"@type":"ReadAction","target":["https:\/\/www.monteescalier.net\/france\/monte-escalier-alencon\/"]}]},{"@type":"BreadcrumbList","@id":"https:\/\/www.monteescalier.net\/france\/monte-escalier-alencon\/#breadcrumb","itemListElement":[{"@type":"ListItem","position":1,"name":"Accueil","item":"https:\/\/www.monteescalier.net\/france\/"},{"@type":"ListItem","position":2,"name":"Monte escalier Alen\u00e7on"}]},{"@type":"WebSite","@id":"https:\/\/www.monteescalier.net\/france\/#website","url":"https:\/\/www.monteescalier.net\/france\/","name":"Monte escalier","description":"","publisher":{"@id":"https:\/\/www.monteescalier.net\/france\/#organization"},"potentialAction":[{"@type":"SearchAction","target":{"@type":"EntryPoint","urlTemplate":"https:\/\/www.monteescalier.net\/france\/?s={search_term_string}"},"query-input":{"@type":"PropertyValueSpecification","valueRequired":true,"valueName":"search_term_string"}}],"inLanguage":"fr-FR"},{"@type":"Organization","@id":"https:\/\/www.monteescalier.net\/france\/#organization","name":"monte-escalier.net","url":"https:\/\/www.monteescalier.net\/france\/","logo":{"@type":"ImageObject","inLanguage":"fr-FR","@id":"https:\/\/www.monteescalier.net\/france\/#\/schema\/logo\/image\/","url":"https:\/\/www.monteescalier.net\/france\/wp-content\/uploads\/2016\/10\/4devis-mont-escalier-500-500.gif","contentUrl":"https:\/\/www.monteescalier.net\/france\/wp-content\/uploads\/2016\/10\/4devis-mont-escalier-500-500.gif","width":500,"height":500,"caption":"monte-escalier.net"},"image":{"@id":"https:\/\/www.monteescalier.net\/france\/#\/schema\/logo\/image\/"}}]}},"_links":{"self":[{"href":"https:\/\/www.monteescalier.net\/france\/wp-json\/wp\/v2\/pages\/1187","targetHints":{"allow":["GET"]}}],"collection":[{"href":"https:\/\/www.monteescalier.net\/france\/wp-json\/wp\/v2\/pages"}],"about":[{"href":"https:\/\/www.monteescalier.net\/france\/wp-json\/wp\/v2\/types\/page"}],"author":[{"embeddable":true,"href":"https:\/\/www.monteescalier.net\/france\/wp-json\/wp\/v2\/users\/1"}],"replies":[{"embeddable":true,"href":"https:\/\/www.monteescalier.net\/france\/wp-json\/wp\/v2\/comments?post=1187"}],"version-history":[{"count":1,"href":"https:\/\/www.monteescalier.net\/france\/wp-json\/wp\/v2\/pages\/1187\/revisions"}],"predecessor-version":[{"id":8887,"href":"https:\/\/www.monteescalier.net\/france\/wp-json\/wp\/v2\/pages\/1187\/revisions\/8887"}],"wp:attachment":[{"href":"https:\/\/www.monteescalier.net\/france\/wp-json\/wp\/v2\/media?parent=1187"}],"curies":[{"name":"wp","href":"https:\/\/api.w.org\/{rel}","templated":true}]}}