{"id":2709,"date":"2021-09-26T10:47:35","date_gmt":"2021-09-26T09:47:35","guid":{"rendered":"https:\/\/www.monteescalier.net\/france\/?page_id=2709"},"modified":"2021-11-22T16:33:09","modified_gmt":"2021-11-22T15:33:09","slug":"monte-escalier-anse","status":"publish","type":"page","link":"https:\/\/www.monteescalier.net\/france\/monte-escalier-anse\/","title":{"rendered":"Monte escalier Anse"},"content":{"rendered":"<h1>Quel installateur pour un monte escalier \u00e0 Anse<\/h1>\n<div class=\"boite_texte\">\n<div style=\"text-align:justify; margin-bottom:10px\">Il y a plusieurs vendeurs de monte escalier \u00e0 Anse, mais quel est celui qui vous donnera enti\u00e8re satisfaction en terme de prix et de prestations : une seule mani\u00e8re de le savoir, utilisez les services de monteescalier.net.<\/div>\n<div style=\"text-align:justify; margin-bottom:10px\">La vocation de ce site web est de faciliter l&rsquo;achat de votre monte escalier en vous mettant en contact directement avec les revendeurs de monte escalier sur Anse, car avoir plusieurs propositions vous permettra de choisir la meilleure.<\/div>\n<div style=\"text-align:justify; margin-bottom:10px\">Avoir acc\u00e8s \u00e0 plusieurs propositions, c&rsquo;est mieux pour prendre la bonne d\u00e9cision. C&rsquo;est pourquoi, en entrant simplement vos coordonn\u00e9es sur ce site, nous vous proposerons gratuitement 3, 4, voire 5 devis pour l&rsquo;installation de votre monte escalier \u00e0 Anse.<\/div>\n<div style=\"text-align:justify; margin-bottom:10px\">Votre d\u00e9cision d&rsquo;achat n&rsquo;est pas prise, vous pr\u00e9f\u00e9rez en parler au pr\u00e9alable avec les professionnels du monte escalier dans le d\u00e9partement. Une seule demande de rappel sur notre site et ils vous rappelleront gratuitement pour r\u00e9pondre \u00e0 toutes vos questions.<\/div>\n<div style=\"text-align:justify; margin-bottom:10px\">Presque tous nos partenaires installateurs disposent de documentation sur les mod\u00e8les de monte escalier qu&rsquo;ils commercialisent. Ils peuvent vous les faire parvenir par courrier ou par email selon votre pr\u00e9f\u00e9rence. Pour les recevoir remplissez vite une demande de documentation sur notre site.<\/div>\n<div style=\"text-align:justify; margin-bottom:10px\">Combien vont vous co\u00fbter nos services de mise en relation ? R\u00e9ponse, absolument rien,&#8230; alors o\u00f9 est le pi\u00e8ge ? Il n&rsquo;y en a aucun, notre offre est totalement sans engagement. Si les propositions de nos partenaires ne vous conviennent pas, vous restez totalement libre d&rsquo;aller voir ailleurs !<\/div>\n<\/div>\n<div class=\"titre_liens\">A d\u00e9couvrir \u00e9galement : nos offres monte escalier dans les villes alentour<\/div>\n<div class=\"boite_liens\"><a href=\"https:\/\/www.monteescalier.net\/france\/monte-escalier-lentilly\">Monte escalier Lentilly<\/a><br \/>\n<a href=\"https:\/\/www.monteescalier.net\/france\/monte-escalier-saint-symphorien-d-ozon\">Monte escalier Saint-Symphorien-d&rsquo;Ozon<\/a><br \/>\n<a href=\"https:\/\/www.monteescalier.net\/france\/monte-escalier-amplepuis\">Monte escalier Amplepuis<\/a><br \/>\n<a href=\"https:\/\/www.monteescalier.net\/france\/monte-escalier-ternay\">Monte escalier Ternay<\/a><br \/>\n<a href=\"https:\/\/www.monteescalier.net\/france\/monte-escalier-champagne-au-mont-d-or\">Monte escalier Champagne-au-Mont-d&rsquo;Or<\/a>\n<\/div>\n","protected":false},"excerpt":{"rendered":"<p>Quel installateur pour un monte escalier \u00e0 Anse Il y a plusieurs vendeurs de monte escalier \u00e0 Anse, mais quel est celui qui vous donnera enti\u00e8re satisfaction en terme de prix et de prestations : une seule mani\u00e8re de le savoir, utilisez les services de monteescalier.net. La vocation de ce site web est de faciliter [&hellip;]<\/p>\n","protected":false},"author":1,"featured_media":0,"parent":0,"menu_order":0,"comment_status":"closed","ping_status":"open","template":"template_ville_7.php","meta":{"_monsterinsights_skip_tracking":false,"_monsterinsights_sitenote_active":false,"_monsterinsights_sitenote_note":"","_monsterinsights_sitenote_category":0,"footnotes":""},"class_list":["post-2709","page","type-page","status-publish","hentry"],"yoast_head":"<!-- This site is optimized with the Yoast SEO plugin v26.3 - https:\/\/yoast.com\/wordpress\/plugins\/seo\/ -->\n<title>Monte escalier Anse - Monte escalier<\/title>\n<meta name=\"description\" content=\"Venez d\u00e9couvrir notre meilleur gamme de monte-escaliers \u00e0 Anse disponible au pr\u00e8s de nos partenaires installeurs\" \/>\n<meta name=\"robots\" content=\"index, follow, max-snippet:-1, max-image-preview:large, max-video-preview:-1\" \/>\n<link rel=\"canonical\" href=\"https:\/\/www.monteescalier.net\/france\/monte-escalier-anse\/\" \/>\n<meta property=\"og:locale\" content=\"fr_FR\" \/>\n<meta property=\"og:type\" content=\"article\" \/>\n<meta property=\"og:title\" content=\"Monte escalier Anse - Monte escalier\" \/>\n<meta property=\"og:description\" content=\"Venez d\u00e9couvrir notre meilleur gamme de monte-escaliers \u00e0 Anse disponible au pr\u00e8s de nos partenaires installeurs\" \/>\n<meta property=\"og:url\" content=\"https:\/\/www.monteescalier.net\/france\/monte-escalier-anse\/\" \/>\n<meta property=\"og:site_name\" content=\"Monte escalier\" \/>\n<meta property=\"article:modified_time\" content=\"2021-11-22T15:33:09+00:00\" \/>\n<meta name=\"twitter:card\" content=\"summary_large_image\" \/>\n<meta name=\"twitter:label1\" content=\"Dur\u00e9e de lecture estim\u00e9e\" \/>\n\t<meta name=\"twitter:data1\" content=\"1 minute\" \/>\n<script type=\"application\/ld+json\" class=\"yoast-schema-graph\">{\"@context\":\"https:\/\/schema.org\",\"@graph\":[{\"@type\":\"WebPage\",\"@id\":\"https:\/\/www.monteescalier.net\/france\/monte-escalier-anse\/\",\"url\":\"https:\/\/www.monteescalier.net\/france\/monte-escalier-anse\/\",\"name\":\"Monte escalier Anse - Monte escalier\",\"isPartOf\":{\"@id\":\"https:\/\/www.monteescalier.net\/france\/#website\"},\"datePublished\":\"2021-09-26T09:47:35+00:00\",\"dateModified\":\"2021-11-22T15:33:09+00:00\",\"description\":\"Venez d\u00e9couvrir notre meilleur gamme de monte-escaliers \u00e0 Anse disponible au pr\u00e8s de nos partenaires installeurs\",\"breadcrumb\":{\"@id\":\"https:\/\/www.monteescalier.net\/france\/monte-escalier-anse\/#breadcrumb\"},\"inLanguage\":\"fr-FR\",\"potentialAction\":[{\"@type\":\"ReadAction\",\"target\":[\"https:\/\/www.monteescalier.net\/france\/monte-escalier-anse\/\"]}]},{\"@type\":\"BreadcrumbList\",\"@id\":\"https:\/\/www.monteescalier.net\/france\/monte-escalier-anse\/#breadcrumb\",\"itemListElement\":[{\"@type\":\"ListItem\",\"position\":1,\"name\":\"Accueil\",\"item\":\"https:\/\/www.monteescalier.net\/france\/\"},{\"@type\":\"ListItem\",\"position\":2,\"name\":\"Monte escalier Anse\"}]},{\"@type\":\"WebSite\",\"@id\":\"https:\/\/www.monteescalier.net\/france\/#website\",\"url\":\"https:\/\/www.monteescalier.net\/france\/\",\"name\":\"Monte escalier\",\"description\":\"\",\"publisher\":{\"@id\":\"https:\/\/www.monteescalier.net\/france\/#organization\"},\"potentialAction\":[{\"@type\":\"SearchAction\",\"target\":{\"@type\":\"EntryPoint\",\"urlTemplate\":\"https:\/\/www.monteescalier.net\/france\/?s={search_term_string}\"},\"query-input\":{\"@type\":\"PropertyValueSpecification\",\"valueRequired\":true,\"valueName\":\"search_term_string\"}}],\"inLanguage\":\"fr-FR\"},{\"@type\":\"Organization\",\"@id\":\"https:\/\/www.monteescalier.net\/france\/#organization\",\"name\":\"monte-escalier.net\",\"url\":\"https:\/\/www.monteescalier.net\/france\/\",\"logo\":{\"@type\":\"ImageObject\",\"inLanguage\":\"fr-FR\",\"@id\":\"https:\/\/www.monteescalier.net\/france\/#\/schema\/logo\/image\/\",\"url\":\"https:\/\/www.monteescalier.net\/france\/wp-content\/uploads\/2016\/10\/4devis-mont-escalier-500-500.gif\",\"contentUrl\":\"https:\/\/www.monteescalier.net\/france\/wp-content\/uploads\/2016\/10\/4devis-mont-escalier-500-500.gif\",\"width\":500,\"height\":500,\"caption\":\"monte-escalier.net\"},\"image\":{\"@id\":\"https:\/\/www.monteescalier.net\/france\/#\/schema\/logo\/image\/\"}}]}<\/script>\n<!-- \/ Yoast SEO plugin. -->","yoast_head_json":{"title":"Monte escalier Anse - Monte escalier","description":"Venez d\u00e9couvrir notre meilleur gamme de monte-escaliers \u00e0 Anse disponible au pr\u00e8s de nos partenaires installeurs","robots":{"index":"index","follow":"follow","max-snippet":"max-snippet:-1","max-image-preview":"max-image-preview:large","max-video-preview":"max-video-preview:-1"},"canonical":"https:\/\/www.monteescalier.net\/france\/monte-escalier-anse\/","og_locale":"fr_FR","og_type":"article","og_title":"Monte escalier Anse - Monte escalier","og_description":"Venez d\u00e9couvrir notre meilleur gamme de monte-escaliers \u00e0 Anse disponible au pr\u00e8s de nos partenaires installeurs","og_url":"https:\/\/www.monteescalier.net\/france\/monte-escalier-anse\/","og_site_name":"Monte escalier","article_modified_time":"2021-11-22T15:33:09+00:00","twitter_card":"summary_large_image","twitter_misc":{"Dur\u00e9e de lecture estim\u00e9e":"1 minute"},"schema":{"@context":"https:\/\/schema.org","@graph":[{"@type":"WebPage","@id":"https:\/\/www.monteescalier.net\/france\/monte-escalier-anse\/","url":"https:\/\/www.monteescalier.net\/france\/monte-escalier-anse\/","name":"Monte escalier Anse - Monte escalier","isPartOf":{"@id":"https:\/\/www.monteescalier.net\/france\/#website"},"datePublished":"2021-09-26T09:47:35+00:00","dateModified":"2021-11-22T15:33:09+00:00","description":"Venez d\u00e9couvrir notre meilleur gamme de monte-escaliers \u00e0 Anse disponible au pr\u00e8s de nos partenaires installeurs","breadcrumb":{"@id":"https:\/\/www.monteescalier.net\/france\/monte-escalier-anse\/#breadcrumb"},"inLanguage":"fr-FR","potentialAction":[{"@type":"ReadAction","target":["https:\/\/www.monteescalier.net\/france\/monte-escalier-anse\/"]}]},{"@type":"BreadcrumbList","@id":"https:\/\/www.monteescalier.net\/france\/monte-escalier-anse\/#breadcrumb","itemListElement":[{"@type":"ListItem","position":1,"name":"Accueil","item":"https:\/\/www.monteescalier.net\/france\/"},{"@type":"ListItem","position":2,"name":"Monte escalier Anse"}]},{"@type":"WebSite","@id":"https:\/\/www.monteescalier.net\/france\/#website","url":"https:\/\/www.monteescalier.net\/france\/","name":"Monte escalier","description":"","publisher":{"@id":"https:\/\/www.monteescalier.net\/france\/#organization"},"potentialAction":[{"@type":"SearchAction","target":{"@type":"EntryPoint","urlTemplate":"https:\/\/www.monteescalier.net\/france\/?s={search_term_string}"},"query-input":{"@type":"PropertyValueSpecification","valueRequired":true,"valueName":"search_term_string"}}],"inLanguage":"fr-FR"},{"@type":"Organization","@id":"https:\/\/www.monteescalier.net\/france\/#organization","name":"monte-escalier.net","url":"https:\/\/www.monteescalier.net\/france\/","logo":{"@type":"ImageObject","inLanguage":"fr-FR","@id":"https:\/\/www.monteescalier.net\/france\/#\/schema\/logo\/image\/","url":"https:\/\/www.monteescalier.net\/france\/wp-content\/uploads\/2016\/10\/4devis-mont-escalier-500-500.gif","contentUrl":"https:\/\/www.monteescalier.net\/france\/wp-content\/uploads\/2016\/10\/4devis-mont-escalier-500-500.gif","width":500,"height":500,"caption":"monte-escalier.net"},"image":{"@id":"https:\/\/www.monteescalier.net\/france\/#\/schema\/logo\/image\/"}}]}},"_links":{"self":[{"href":"https:\/\/www.monteescalier.net\/france\/wp-json\/wp\/v2\/pages\/2709","targetHints":{"allow":["GET"]}}],"collection":[{"href":"https:\/\/www.monteescalier.net\/france\/wp-json\/wp\/v2\/pages"}],"about":[{"href":"https:\/\/www.monteescalier.net\/france\/wp-json\/wp\/v2\/types\/page"}],"author":[{"embeddable":true,"href":"https:\/\/www.monteescalier.net\/france\/wp-json\/wp\/v2\/users\/1"}],"replies":[{"embeddable":true,"href":"https:\/\/www.monteescalier.net\/france\/wp-json\/wp\/v2\/comments?post=2709"}],"version-history":[{"count":1,"href":"https:\/\/www.monteescalier.net\/france\/wp-json\/wp\/v2\/pages\/2709\/revisions"}],"predecessor-version":[{"id":8954,"href":"https:\/\/www.monteescalier.net\/france\/wp-json\/wp\/v2\/pages\/2709\/revisions\/8954"}],"wp:attachment":[{"href":"https:\/\/www.monteescalier.net\/france\/wp-json\/wp\/v2\/media?parent=2709"}],"curies":[{"name":"wp","href":"https:\/\/api.w.org\/{rel}","templated":true}]}}