{"id":3044,"date":"2013-09-26T10:47:40","date_gmt":"2013-09-26T10:47:40","guid":{"rendered":"https:\/\/www.monteescalier.net\/france\/?page_id=3044"},"modified":"-0001-11-30T00:00:00","modified_gmt":"-0001-11-29T23:00:00","slug":"monte-escalier-buzancais","status":"publish","type":"page","link":"https:\/\/www.monteescalier.net\/france\/monte-escalier-buzancais\/","title":{"rendered":"Monte escalier Buzan\u00e7ais"},"content":{"rendered":"<h1>Le choix d&rsquo;un monte escalier \u00e0 Buzan\u00e7ais<\/h1>\n<div class=\"boite_texte\">\n<div style=\"text-align:justify; margin-bottom:10px\">Il y a plusieurs vendeurs de monte escalier \u00e0 Buzan\u00e7ais, mais quel est celui qui vous donnera une totale satisfaction en terme de prix et de prestations : une seule mani\u00e8re de le savoir, utilisez les services de monteescalier.net.<\/div>\n<div style=\"text-align:justify; margin-bottom:10px\">Monteescalier.net dispose de partenaires installateurs de monte escalier dans toute la France et vous permet d&rsquo;\u00eatre mis sans aucun frais en contact avec ceux pouvant intervenir chez vous pour mettre en place un monte escalier \u00e0 Buzan\u00e7ais.<\/div>\n<div style=\"text-align:justify; margin-bottom:10px\">Le premier service que nous vous proposons gratuitement est la demande de devis gratuit. Et ce n&rsquo;est pas un devis que vous recevrez en remplissant un formulaire sur notre site mais 4 ou 5 propositions fermes \u00e9manant de professionnels du monte escalier de Buzan\u00e7ais.<\/div>\n<div style=\"text-align:justify; margin-bottom:10px\">Un seul formulaire \u00e0 compl\u00e9ter pour \u00eatre rappel\u00e9 par des professionnels du monte escalier, c&rsquo;est le deuxi\u00e8me service totalement gratuit que nous vous proposons avec la demande de rappel. C&rsquo;est la garantie d&rsquo;\u00eatre rappel\u00e9 tr\u00e8s vite par plusieurs installateurs de monte escalier qui pourront ainsi vous proposer une r\u00e9ponse personnelle aux questions que vous vous posez certainement.<\/div>\n<div style=\"text-align:justify; margin-bottom:10px\">Vous voulez choisir son mod\u00e8le de monte escalier directement depuis votre fauteuil ? C&rsquo;est possible avec monteescalier.net. Remplissez directement un formulaire de demande de documentation sur notre site et vous recevrez toute la documentation n\u00e9cessaire sur les mod\u00e8les de monte escalier commercialis\u00e9s par nos professionnels partenaires.<\/div>\n<div style=\"text-align:justify; margin-bottom:10px\">Ne faites plus la chasse aux prestataires, laissez notre service de mise en relation pr\u00e9parer le terrain pour vous. C&rsquo;est int\u00e9gralement gratuit et cela vous permettra d&rsquo;\u00eatre mis tr\u00e8s rapidement en relation avec notre liste de professionnels du monte escalier de Buzan\u00e7ais et sa r\u00e9gion, sans efforts, ni contraintes&#8230; difficile de vous proposer mieux non?<\/div>\n<\/div>\n<div class=\"titre_liens\">Retrouvez nos offres dans les villes voisines :<\/div>\n<div class=\"boite_liens\"><a href=\"https:\/\/www.monteescalier.net\/france\/monte-escalier-la-chatre\">Monte escalier Ch\u00e2tre<\/a><br \/>\n<a href=\"https:\/\/www.monteescalier.net\/france\/monte-escalier-ardentes\">Monte escalier Ardentes<\/a><br \/>\n<a href=\"https:\/\/www.monteescalier.net\/france\/monte-escalier-saint-maur\">Monte escalier Saint-Maur<\/a><br \/>\n<a href=\"https:\/\/www.monteescalier.net\/france\/monte-escalier-chatillon-sur-indre\">Monte escalier Ch\u00e2tillon-sur-Indre<\/a><br \/>\n<a href=\"https:\/\/www.monteescalier.net\/france\/monte-escalier-chabris\">Monte escalier Chabris<\/a>\n<\/div>\n","protected":false},"excerpt":{"rendered":"<p>Le choix d&rsquo;un monte escalier \u00e0 Buzan\u00e7ais Il y a plusieurs vendeurs de monte escalier \u00e0 Buzan\u00e7ais, mais quel est celui qui vous donnera une totale satisfaction en terme de prix et de prestations : une seule mani\u00e8re de le savoir, utilisez les services de monteescalier.net. Monteescalier.net dispose de partenaires installateurs de monte escalier dans [&hellip;]<\/p>\n","protected":false},"author":1,"featured_media":0,"parent":0,"menu_order":0,"comment_status":"closed","ping_status":"open","template":"template_ville_4.php","meta":{"_monsterinsights_skip_tracking":false,"_monsterinsights_sitenote_active":false,"_monsterinsights_sitenote_note":"","_monsterinsights_sitenote_category":0,"footnotes":""},"class_list":["post-3044","page","type-page","status-publish","hentry"],"yoast_head":"<!-- This site is optimized with the Yoast SEO plugin v26.3 - https:\/\/yoast.com\/wordpress\/plugins\/seo\/ -->\n<title>Monte escalier Buzan\u00e7ais - Monte escalier<\/title>\n<meta name=\"robots\" content=\"index, follow, max-snippet:-1, max-image-preview:large, max-video-preview:-1\" \/>\n<link rel=\"canonical\" href=\"https:\/\/www.monteescalier.net\/france\/monte-escalier-buzancais\/\" \/>\n<meta property=\"og:locale\" content=\"fr_FR\" \/>\n<meta property=\"og:type\" content=\"article\" \/>\n<meta property=\"og:title\" content=\"Monte escalier Buzan\u00e7ais - Monte escalier\" \/>\n<meta property=\"og:description\" content=\"Le choix d&rsquo;un monte escalier \u00e0 Buzan\u00e7ais Il y a plusieurs vendeurs de monte escalier \u00e0 Buzan\u00e7ais, mais quel est celui qui vous donnera une totale satisfaction en terme de prix et de prestations : une seule mani\u00e8re de le savoir, utilisez les services de monteescalier.net. Monteescalier.net dispose de partenaires installateurs de monte escalier dans [&hellip;]\" \/>\n<meta property=\"og:url\" content=\"https:\/\/www.monteescalier.net\/france\/monte-escalier-buzancais\/\" \/>\n<meta property=\"og:site_name\" content=\"Monte escalier\" \/>\n<meta name=\"twitter:card\" content=\"summary_large_image\" \/>\n<meta name=\"twitter:label1\" content=\"Dur\u00e9e de lecture estim\u00e9e\" \/>\n\t<meta name=\"twitter:data1\" content=\"2 minutes\" \/>\n<script type=\"application\/ld+json\" class=\"yoast-schema-graph\">{\"@context\":\"https:\/\/schema.org\",\"@graph\":[{\"@type\":\"WebPage\",\"@id\":\"https:\/\/www.monteescalier.net\/france\/monte-escalier-buzancais\/\",\"url\":\"https:\/\/www.monteescalier.net\/france\/monte-escalier-buzancais\/\",\"name\":\"Monte escalier Buzan\u00e7ais - Monte escalier\",\"isPartOf\":{\"@id\":\"https:\/\/www.monteescalier.net\/france\/#website\"},\"datePublished\":\"2013-09-26T10:47:40+00:00\",\"breadcrumb\":{\"@id\":\"https:\/\/www.monteescalier.net\/france\/monte-escalier-buzancais\/#breadcrumb\"},\"inLanguage\":\"fr-FR\",\"potentialAction\":[{\"@type\":\"ReadAction\",\"target\":[\"https:\/\/www.monteescalier.net\/france\/monte-escalier-buzancais\/\"]}]},{\"@type\":\"BreadcrumbList\",\"@id\":\"https:\/\/www.monteescalier.net\/france\/monte-escalier-buzancais\/#breadcrumb\",\"itemListElement\":[{\"@type\":\"ListItem\",\"position\":1,\"name\":\"Accueil\",\"item\":\"https:\/\/www.monteescalier.net\/france\/\"},{\"@type\":\"ListItem\",\"position\":2,\"name\":\"Monte escalier Buzan\u00e7ais\"}]},{\"@type\":\"WebSite\",\"@id\":\"https:\/\/www.monteescalier.net\/france\/#website\",\"url\":\"https:\/\/www.monteescalier.net\/france\/\",\"name\":\"Monte escalier\",\"description\":\"\",\"publisher\":{\"@id\":\"https:\/\/www.monteescalier.net\/france\/#organization\"},\"potentialAction\":[{\"@type\":\"SearchAction\",\"target\":{\"@type\":\"EntryPoint\",\"urlTemplate\":\"https:\/\/www.monteescalier.net\/france\/?s={search_term_string}\"},\"query-input\":{\"@type\":\"PropertyValueSpecification\",\"valueRequired\":true,\"valueName\":\"search_term_string\"}}],\"inLanguage\":\"fr-FR\"},{\"@type\":\"Organization\",\"@id\":\"https:\/\/www.monteescalier.net\/france\/#organization\",\"name\":\"monte-escalier.net\",\"url\":\"https:\/\/www.monteescalier.net\/france\/\",\"logo\":{\"@type\":\"ImageObject\",\"inLanguage\":\"fr-FR\",\"@id\":\"https:\/\/www.monteescalier.net\/france\/#\/schema\/logo\/image\/\",\"url\":\"https:\/\/www.monteescalier.net\/france\/wp-content\/uploads\/2016\/10\/4devis-mont-escalier-500-500.gif\",\"contentUrl\":\"https:\/\/www.monteescalier.net\/france\/wp-content\/uploads\/2016\/10\/4devis-mont-escalier-500-500.gif\",\"width\":500,\"height\":500,\"caption\":\"monte-escalier.net\"},\"image\":{\"@id\":\"https:\/\/www.monteescalier.net\/france\/#\/schema\/logo\/image\/\"}}]}<\/script>\n<!-- \/ Yoast SEO plugin. -->","yoast_head_json":{"title":"Monte escalier Buzan\u00e7ais - Monte escalier","robots":{"index":"index","follow":"follow","max-snippet":"max-snippet:-1","max-image-preview":"max-image-preview:large","max-video-preview":"max-video-preview:-1"},"canonical":"https:\/\/www.monteescalier.net\/france\/monte-escalier-buzancais\/","og_locale":"fr_FR","og_type":"article","og_title":"Monte escalier Buzan\u00e7ais - Monte escalier","og_description":"Le choix d&rsquo;un monte escalier \u00e0 Buzan\u00e7ais Il y a plusieurs vendeurs de monte escalier \u00e0 Buzan\u00e7ais, mais quel est celui qui vous donnera une totale satisfaction en terme de prix et de prestations : une seule mani\u00e8re de le savoir, utilisez les services de monteescalier.net. Monteescalier.net dispose de partenaires installateurs de monte escalier dans [&hellip;]","og_url":"https:\/\/www.monteescalier.net\/france\/monte-escalier-buzancais\/","og_site_name":"Monte escalier","twitter_card":"summary_large_image","twitter_misc":{"Dur\u00e9e de lecture estim\u00e9e":"2 minutes"},"schema":{"@context":"https:\/\/schema.org","@graph":[{"@type":"WebPage","@id":"https:\/\/www.monteescalier.net\/france\/monte-escalier-buzancais\/","url":"https:\/\/www.monteescalier.net\/france\/monte-escalier-buzancais\/","name":"Monte escalier Buzan\u00e7ais - Monte escalier","isPartOf":{"@id":"https:\/\/www.monteescalier.net\/france\/#website"},"datePublished":"2013-09-26T10:47:40+00:00","breadcrumb":{"@id":"https:\/\/www.monteescalier.net\/france\/monte-escalier-buzancais\/#breadcrumb"},"inLanguage":"fr-FR","potentialAction":[{"@type":"ReadAction","target":["https:\/\/www.monteescalier.net\/france\/monte-escalier-buzancais\/"]}]},{"@type":"BreadcrumbList","@id":"https:\/\/www.monteescalier.net\/france\/monte-escalier-buzancais\/#breadcrumb","itemListElement":[{"@type":"ListItem","position":1,"name":"Accueil","item":"https:\/\/www.monteescalier.net\/france\/"},{"@type":"ListItem","position":2,"name":"Monte escalier Buzan\u00e7ais"}]},{"@type":"WebSite","@id":"https:\/\/www.monteescalier.net\/france\/#website","url":"https:\/\/www.monteescalier.net\/france\/","name":"Monte escalier","description":"","publisher":{"@id":"https:\/\/www.monteescalier.net\/france\/#organization"},"potentialAction":[{"@type":"SearchAction","target":{"@type":"EntryPoint","urlTemplate":"https:\/\/www.monteescalier.net\/france\/?s={search_term_string}"},"query-input":{"@type":"PropertyValueSpecification","valueRequired":true,"valueName":"search_term_string"}}],"inLanguage":"fr-FR"},{"@type":"Organization","@id":"https:\/\/www.monteescalier.net\/france\/#organization","name":"monte-escalier.net","url":"https:\/\/www.monteescalier.net\/france\/","logo":{"@type":"ImageObject","inLanguage":"fr-FR","@id":"https:\/\/www.monteescalier.net\/france\/#\/schema\/logo\/image\/","url":"https:\/\/www.monteescalier.net\/france\/wp-content\/uploads\/2016\/10\/4devis-mont-escalier-500-500.gif","contentUrl":"https:\/\/www.monteescalier.net\/france\/wp-content\/uploads\/2016\/10\/4devis-mont-escalier-500-500.gif","width":500,"height":500,"caption":"monte-escalier.net"},"image":{"@id":"https:\/\/www.monteescalier.net\/france\/#\/schema\/logo\/image\/"}}]}},"_links":{"self":[{"href":"https:\/\/www.monteescalier.net\/france\/wp-json\/wp\/v2\/pages\/3044","targetHints":{"allow":["GET"]}}],"collection":[{"href":"https:\/\/www.monteescalier.net\/france\/wp-json\/wp\/v2\/pages"}],"about":[{"href":"https:\/\/www.monteescalier.net\/france\/wp-json\/wp\/v2\/types\/page"}],"author":[{"embeddable":true,"href":"https:\/\/www.monteescalier.net\/france\/wp-json\/wp\/v2\/users\/1"}],"replies":[{"embeddable":true,"href":"https:\/\/www.monteescalier.net\/france\/wp-json\/wp\/v2\/comments?post=3044"}],"version-history":[{"count":0,"href":"https:\/\/www.monteescalier.net\/france\/wp-json\/wp\/v2\/pages\/3044\/revisions"}],"wp:attachment":[{"href":"https:\/\/www.monteescalier.net\/france\/wp-json\/wp\/v2\/media?parent=3044"}],"curies":[{"name":"wp","href":"https:\/\/api.w.org\/{rel}","templated":true}]}}