{"id":3362,"date":"2021-09-26T10:47:44","date_gmt":"2021-09-26T09:47:44","guid":{"rendered":"https:\/\/www.monteescalier.net\/france\/?page_id=3362"},"modified":"2021-11-22T14:57:54","modified_gmt":"2021-11-22T13:57:54","slug":"monte-escalier-angres","status":"publish","type":"page","link":"https:\/\/www.monteescalier.net\/france\/monte-escalier-angres\/","title":{"rendered":"Monte escalier Angres"},"content":{"rendered":"<h1>Des infos sur un monte escalier \u00e0 Angres<\/h1>\n<div class=\"boite_texte\">\n<div style=\"text-align:justify; margin-bottom:10px\">Vous connaissez plusieurs noms de vendeurs de monte escalier \u00e0 Angres. Mais lequel vous fera le meilleur devis, avec un prix convenable et des prestations \u00e0 la hauteur. Monteescalier.net vous fournit les outils pour bien choisir.<\/div>\n<div style=\"text-align:justify; margin-bottom:10px\">Nous sommes des interm\u00e9diaires entre vous et les revendeurs de monte escalier sur Angres. Nous pouvons donc vous mettre en relation tr\u00e8s rapidement et gratuitement avec les principaux vendeurs de monte escalier \u00e0 Angres.<\/div>\n<div style=\"text-align:justify; margin-bottom:10px\">Vous savez tr\u00e8s pr\u00e9cisement ce que voulez ? Vous avez besoin d&rsquo;un devis de monte escalier. Une seule demande de devis sur notre site vous permettra de recevoir entre 4 et 5 devis totalement gratuits.<\/div>\n<div style=\"text-align:justify; margin-bottom:10px\">Un seul formulaire \u00e0 compl\u00e9ter pour \u00eatre rappel\u00e9 par des professionnels du monte escalier, c&rsquo;est le deuxi\u00e8me service totalement gratuit que nous vous proposons avec la demande de rappel. C&rsquo;est la garantie d&rsquo;\u00eatre rappel\u00e9 tr\u00e8s vite par plusieurs installateurs de monte escalier qui pourront ainsi vous proposer des solutions personnalis\u00e9es aux questions que vous vous posez certainement.<\/div>\n<div style=\"text-align:justify; margin-bottom:10px\">Vous \u00eates perdus dans la multitude des marques et des mod\u00e8les de monte escalier, utilisez notre formulaire de documentation pour obtenir un maximum d&rsquo;informations sur les mod\u00e8les propos\u00e9s par nos partenaires vendeurs de monte escalier. Pr\u00e9cisez dans votre demande si vous voulez les recevoir par email au format \u00e9lectronique ou sur papier par courrier postal.<\/div>\n<div style=\"text-align:justify; margin-bottom:10px\">Avec monteescalier.net, pas de mauvaise surprise en vue : nous ne facturons absolument rien et vous ne prenez aucun engagement en faisant une demande sur notre site: les devis, documentation et rappel sont gratuits ! Tous nos partenaires vendeurs de monte escalier sur Angres s&rsquo;y engagent. Testez-nous, vous ne le regretterez pas.<\/div>\n<\/div>\n<div class=\"titre_liens\">Nos autres services de monte escalier dans le d\u00e9partement<\/div>\n<div class=\"boite_liens\"><a href=\"https:\/\/www.monteescalier.net\/france\/monte-escalier-biache-saint-vaast\">Monte escalier Biache-Saint-Vaast<\/a><br \/>\n<a href=\"https:\/\/www.monteescalier.net\/france\/monte-escalier-saint-martin-au-laert\">Monte escalier Saint-Martin-au-La\u00ebrt<\/a><br \/>\n<a href=\"https:\/\/www.monteescalier.net\/france\/monte-escalier-frevent\">Monte escalier Fr\u00e9vent<\/a><br \/>\n<a href=\"https:\/\/www.monteescalier.net\/france\/monte-escalier-aix-noulette\">Monte escalier Aix-Noulette<\/a><br \/>\n<a href=\"https:\/\/www.monteescalier.net\/france\/monte-escalier-neufchatel-hardelot\">Monte escalier Neufch\u00e2tel-Hardelot<\/a>\n<\/div>\n","protected":false},"excerpt":{"rendered":"<p>Des infos sur un monte escalier \u00e0 Angres Vous connaissez plusieurs noms de vendeurs de monte escalier \u00e0 Angres. Mais lequel vous fera le meilleur devis, avec un prix convenable et des prestations \u00e0 la hauteur. Monteescalier.net vous fournit les outils pour bien choisir. Nous sommes des interm\u00e9diaires entre vous et les revendeurs de monte [&hellip;]<\/p>\n","protected":false},"author":1,"featured_media":0,"parent":0,"menu_order":0,"comment_status":"closed","ping_status":"open","template":"template_ville_5.php","meta":{"_monsterinsights_skip_tracking":false,"_monsterinsights_sitenote_active":false,"_monsterinsights_sitenote_note":"","_monsterinsights_sitenote_category":0,"footnotes":""},"class_list":["post-3362","page","type-page","status-publish","hentry"],"yoast_head":"<!-- This site is optimized with the Yoast SEO plugin v26.3 - https:\/\/yoast.com\/wordpress\/plugins\/seo\/ -->\n<title>Monte escalier Angres - Monte escalier<\/title>\n<meta name=\"description\" content=\"Venez d\u00e9couvrir notre meilleur gamme de monte-escaliers \u00e0 Angres disponible au pr\u00e8s de nos partenaires installeurs\" \/>\n<meta name=\"robots\" content=\"index, follow, max-snippet:-1, max-image-preview:large, max-video-preview:-1\" \/>\n<link rel=\"canonical\" href=\"https:\/\/www.monteescalier.net\/france\/monte-escalier-angres\/\" \/>\n<meta property=\"og:locale\" content=\"fr_FR\" \/>\n<meta property=\"og:type\" content=\"article\" \/>\n<meta property=\"og:title\" content=\"Monte escalier Angres - Monte escalier\" \/>\n<meta property=\"og:description\" content=\"Venez d\u00e9couvrir notre meilleur gamme de monte-escaliers \u00e0 Angres disponible au pr\u00e8s de nos partenaires installeurs\" \/>\n<meta property=\"og:url\" content=\"https:\/\/www.monteescalier.net\/france\/monte-escalier-angres\/\" \/>\n<meta property=\"og:site_name\" content=\"Monte escalier\" \/>\n<meta property=\"article:modified_time\" content=\"2021-11-22T13:57:54+00:00\" \/>\n<meta name=\"twitter:card\" content=\"summary_large_image\" \/>\n<meta name=\"twitter:label1\" content=\"Dur\u00e9e de lecture estim\u00e9e\" \/>\n\t<meta name=\"twitter:data1\" content=\"2 minutes\" \/>\n<script type=\"application\/ld+json\" class=\"yoast-schema-graph\">{\"@context\":\"https:\/\/schema.org\",\"@graph\":[{\"@type\":\"WebPage\",\"@id\":\"https:\/\/www.monteescalier.net\/france\/monte-escalier-angres\/\",\"url\":\"https:\/\/www.monteescalier.net\/france\/monte-escalier-angres\/\",\"name\":\"Monte escalier Angres - Monte escalier\",\"isPartOf\":{\"@id\":\"https:\/\/www.monteescalier.net\/france\/#website\"},\"datePublished\":\"2021-09-26T09:47:44+00:00\",\"dateModified\":\"2021-11-22T13:57:54+00:00\",\"description\":\"Venez d\u00e9couvrir notre meilleur gamme de monte-escaliers \u00e0 Angres disponible au pr\u00e8s de nos partenaires installeurs\",\"breadcrumb\":{\"@id\":\"https:\/\/www.monteescalier.net\/france\/monte-escalier-angres\/#breadcrumb\"},\"inLanguage\":\"fr-FR\",\"potentialAction\":[{\"@type\":\"ReadAction\",\"target\":[\"https:\/\/www.monteescalier.net\/france\/monte-escalier-angres\/\"]}]},{\"@type\":\"BreadcrumbList\",\"@id\":\"https:\/\/www.monteescalier.net\/france\/monte-escalier-angres\/#breadcrumb\",\"itemListElement\":[{\"@type\":\"ListItem\",\"position\":1,\"name\":\"Accueil\",\"item\":\"https:\/\/www.monteescalier.net\/france\/\"},{\"@type\":\"ListItem\",\"position\":2,\"name\":\"Monte escalier Angres\"}]},{\"@type\":\"WebSite\",\"@id\":\"https:\/\/www.monteescalier.net\/france\/#website\",\"url\":\"https:\/\/www.monteescalier.net\/france\/\",\"name\":\"Monte escalier\",\"description\":\"\",\"publisher\":{\"@id\":\"https:\/\/www.monteescalier.net\/france\/#organization\"},\"potentialAction\":[{\"@type\":\"SearchAction\",\"target\":{\"@type\":\"EntryPoint\",\"urlTemplate\":\"https:\/\/www.monteescalier.net\/france\/?s={search_term_string}\"},\"query-input\":{\"@type\":\"PropertyValueSpecification\",\"valueRequired\":true,\"valueName\":\"search_term_string\"}}],\"inLanguage\":\"fr-FR\"},{\"@type\":\"Organization\",\"@id\":\"https:\/\/www.monteescalier.net\/france\/#organization\",\"name\":\"monte-escalier.net\",\"url\":\"https:\/\/www.monteescalier.net\/france\/\",\"logo\":{\"@type\":\"ImageObject\",\"inLanguage\":\"fr-FR\",\"@id\":\"https:\/\/www.monteescalier.net\/france\/#\/schema\/logo\/image\/\",\"url\":\"https:\/\/www.monteescalier.net\/france\/wp-content\/uploads\/2016\/10\/4devis-mont-escalier-500-500.gif\",\"contentUrl\":\"https:\/\/www.monteescalier.net\/france\/wp-content\/uploads\/2016\/10\/4devis-mont-escalier-500-500.gif\",\"width\":500,\"height\":500,\"caption\":\"monte-escalier.net\"},\"image\":{\"@id\":\"https:\/\/www.monteescalier.net\/france\/#\/schema\/logo\/image\/\"}}]}<\/script>\n<!-- \/ Yoast SEO plugin. -->","yoast_head_json":{"title":"Monte escalier Angres - Monte escalier","description":"Venez d\u00e9couvrir notre meilleur gamme de monte-escaliers \u00e0 Angres disponible au pr\u00e8s de nos partenaires installeurs","robots":{"index":"index","follow":"follow","max-snippet":"max-snippet:-1","max-image-preview":"max-image-preview:large","max-video-preview":"max-video-preview:-1"},"canonical":"https:\/\/www.monteescalier.net\/france\/monte-escalier-angres\/","og_locale":"fr_FR","og_type":"article","og_title":"Monte escalier Angres - Monte escalier","og_description":"Venez d\u00e9couvrir notre meilleur gamme de monte-escaliers \u00e0 Angres disponible au pr\u00e8s de nos partenaires installeurs","og_url":"https:\/\/www.monteescalier.net\/france\/monte-escalier-angres\/","og_site_name":"Monte escalier","article_modified_time":"2021-11-22T13:57:54+00:00","twitter_card":"summary_large_image","twitter_misc":{"Dur\u00e9e de lecture estim\u00e9e":"2 minutes"},"schema":{"@context":"https:\/\/schema.org","@graph":[{"@type":"WebPage","@id":"https:\/\/www.monteescalier.net\/france\/monte-escalier-angres\/","url":"https:\/\/www.monteescalier.net\/france\/monte-escalier-angres\/","name":"Monte escalier Angres - Monte escalier","isPartOf":{"@id":"https:\/\/www.monteescalier.net\/france\/#website"},"datePublished":"2021-09-26T09:47:44+00:00","dateModified":"2021-11-22T13:57:54+00:00","description":"Venez d\u00e9couvrir notre meilleur gamme de monte-escaliers \u00e0 Angres disponible au pr\u00e8s de nos partenaires installeurs","breadcrumb":{"@id":"https:\/\/www.monteescalier.net\/france\/monte-escalier-angres\/#breadcrumb"},"inLanguage":"fr-FR","potentialAction":[{"@type":"ReadAction","target":["https:\/\/www.monteescalier.net\/france\/monte-escalier-angres\/"]}]},{"@type":"BreadcrumbList","@id":"https:\/\/www.monteescalier.net\/france\/monte-escalier-angres\/#breadcrumb","itemListElement":[{"@type":"ListItem","position":1,"name":"Accueil","item":"https:\/\/www.monteescalier.net\/france\/"},{"@type":"ListItem","position":2,"name":"Monte escalier Angres"}]},{"@type":"WebSite","@id":"https:\/\/www.monteescalier.net\/france\/#website","url":"https:\/\/www.monteescalier.net\/france\/","name":"Monte escalier","description":"","publisher":{"@id":"https:\/\/www.monteescalier.net\/france\/#organization"},"potentialAction":[{"@type":"SearchAction","target":{"@type":"EntryPoint","urlTemplate":"https:\/\/www.monteescalier.net\/france\/?s={search_term_string}"},"query-input":{"@type":"PropertyValueSpecification","valueRequired":true,"valueName":"search_term_string"}}],"inLanguage":"fr-FR"},{"@type":"Organization","@id":"https:\/\/www.monteescalier.net\/france\/#organization","name":"monte-escalier.net","url":"https:\/\/www.monteescalier.net\/france\/","logo":{"@type":"ImageObject","inLanguage":"fr-FR","@id":"https:\/\/www.monteescalier.net\/france\/#\/schema\/logo\/image\/","url":"https:\/\/www.monteescalier.net\/france\/wp-content\/uploads\/2016\/10\/4devis-mont-escalier-500-500.gif","contentUrl":"https:\/\/www.monteescalier.net\/france\/wp-content\/uploads\/2016\/10\/4devis-mont-escalier-500-500.gif","width":500,"height":500,"caption":"monte-escalier.net"},"image":{"@id":"https:\/\/www.monteescalier.net\/france\/#\/schema\/logo\/image\/"}}]}},"_links":{"self":[{"href":"https:\/\/www.monteescalier.net\/france\/wp-json\/wp\/v2\/pages\/3362","targetHints":{"allow":["GET"]}}],"collection":[{"href":"https:\/\/www.monteescalier.net\/france\/wp-json\/wp\/v2\/pages"}],"about":[{"href":"https:\/\/www.monteescalier.net\/france\/wp-json\/wp\/v2\/types\/page"}],"author":[{"embeddable":true,"href":"https:\/\/www.monteescalier.net\/france\/wp-json\/wp\/v2\/users\/1"}],"replies":[{"embeddable":true,"href":"https:\/\/www.monteescalier.net\/france\/wp-json\/wp\/v2\/comments?post=3362"}],"version-history":[{"count":1,"href":"https:\/\/www.monteescalier.net\/france\/wp-json\/wp\/v2\/pages\/3362\/revisions"}],"predecessor-version":[{"id":8941,"href":"https:\/\/www.monteescalier.net\/france\/wp-json\/wp\/v2\/pages\/3362\/revisions\/8941"}],"wp:attachment":[{"href":"https:\/\/www.monteescalier.net\/france\/wp-json\/wp\/v2\/media?parent=3362"}],"curies":[{"name":"wp","href":"https:\/\/api.w.org\/{rel}","templated":true}]}}