{"id":4584,"date":"2013-09-26T10:48:02","date_gmt":"2013-09-26T10:48:02","guid":{"rendered":"https:\/\/www.monteescalier.net\/france\/?page_id=4584"},"modified":"-0001-11-30T00:00:00","modified_gmt":"-0001-11-29T23:00:00","slug":"monte-escalier-criel-sur-mer","status":"publish","type":"page","link":"https:\/\/www.monteescalier.net\/france\/monte-escalier-criel-sur-mer\/","title":{"rendered":"Monte escalier Criel-sur-Mer"},"content":{"rendered":"<h1>Qui contacter pour un monte escalier \u00e0 Criel-sur-Mer<\/h1>\n<div class=\"boite_texte\">\n<div style=\"text-align:justify; margin-bottom:10px\">Un installateur national, un revendeur r\u00e9gional, un prestataire local? Qui faut il choisir pour faire poser un monte escalier \u00e0 Criel-sur-Mer. Pour r\u00e9pondre \u00e0 cette questionsans perdre de temps, c&rsquo;est facile, utilisez les services de monteescalier.net.<\/div>\n<div style=\"text-align:justify; margin-bottom:10px\">Notre site est une passerelle entre les possibles acqu\u00e9reurs de monte escalier et les installateurs. En quelques clics vous serez mis en contact avec notre s\u00e9lection de vendeurs de monte escalier sur Criel-sur-Mer.<\/div>\n<div style=\"text-align:justify; margin-bottom:10px\">Vous voulez recevoir plusieurs devis de monte escalier pour votre r\u00e9sidence \u00e0 Criel-sur-Mer, vous n&rsquo;avez qu&rsquo;une demande \u00e0 faire sur ce site et vous en recevrez tr\u00e8s rapidement entre 3 et 5 devis diff\u00e9rents. Nous contactons pour vous les professionnels de Criel-sur-Mer, et devinez quoi ? Pour vous c&rsquo;est gratuit !<\/div>\n<div style=\"text-align:justify; margin-bottom:10px\">Avant de passer commande d&rsquo;un monte escalier, vous voulez traiter au t\u00e9l\u00e9phone avec plusieurs experts. Dans ce cas, utilisez notre demande de rappel, et nos partenaires experts du monte escalier vous rappelleront dans les plus brefs d\u00e9lais pour discuter de votre projet.<\/div>\n<div style=\"text-align:justify; margin-bottom:10px\">Quel mod\u00e8le de monte escalier choisir ? Pour vous aider \u00e0 r\u00e9pondre \u00e0 cette question, aidez vous avec de la documentation gratuite sur les monte escaliers. Nos partenaires revendeurs peuvent, en effet, vous faire parvenir de la documentation sur les mod\u00e8les qu&rsquo;ils proposent \u00e0 la vente et qui vous permettront sans doute d&rsquo;\u00e9tablir une pr\u00e9selection entre les diff\u00e9rents mod\u00e8les que vous pourriez faire poser chez vous.<\/div>\n<div style=\"text-align:justify; margin-bottom:10px\">Vous pensez certainement que nous allons vous faire payer ces services&#8230;et bien non ! Tous nos services de mise en relation avec notre s\u00e9lection de vendeurs de monte escalier \u00e0 Criel-sur-Mer sont enti\u00e8rement gratuits et vous n&rsquo;\u00eates en aucun cas contraint \u00e0 l&rsquo;achat de quoi que ce soit aupr\u00e8s des revendeurs que nous vous conseillons.<\/div>\n<\/div>\n<div class=\"titre_liens\">Les monte escaliers \u00e0 proximit\u00e9<\/div>\n<div class=\"boite_liens\"><a href=\"https:\/\/www.monteescalier.net\/france\/monte-escalier-fontaine-la-mallet\">Monte escalier Fontaine-la-Mallet<\/a><br \/>\n<a href=\"https:\/\/www.monteescalier.net\/france\/monte-escalier-doudeville\">Monte escalier Doudeville<\/a><br \/>\n<a href=\"https:\/\/www.monteescalier.net\/france\/monte-escalier-gruchet-le-valasse\">Monte escalier Gruchet-le-Valasse<\/a><br \/>\n<a href=\"https:\/\/www.monteescalier.net\/france\/monte-escalier-saint-jacques-sur-darnetal\">Monte escalier Saint-Jacques-sur-Darn\u00e9tal<\/a><br \/>\n<a href=\"https:\/\/www.monteescalier.net\/france\/monte-escalier-gainneville\">Monte escalier Gainneville<\/a>\n<\/div>\n","protected":false},"excerpt":{"rendered":"<p>Qui contacter pour un monte escalier \u00e0 Criel-sur-Mer Un installateur national, un revendeur r\u00e9gional, un prestataire local? Qui faut il choisir pour faire poser un monte escalier \u00e0 Criel-sur-Mer. Pour r\u00e9pondre \u00e0 cette questionsans perdre de temps, c&rsquo;est facile, utilisez les services de monteescalier.net. Notre site est une passerelle entre les possibles acqu\u00e9reurs de monte [&hellip;]<\/p>\n","protected":false},"author":1,"featured_media":0,"parent":0,"menu_order":0,"comment_status":"closed","ping_status":"open","template":"template_ville_1.php","meta":{"_monsterinsights_skip_tracking":false,"_monsterinsights_sitenote_active":false,"_monsterinsights_sitenote_note":"","_monsterinsights_sitenote_category":0,"footnotes":""},"class_list":["post-4584","page","type-page","status-publish","hentry"],"yoast_head":"<!-- This site is optimized with the Yoast SEO plugin v26.3 - https:\/\/yoast.com\/wordpress\/plugins\/seo\/ -->\n<title>Monte escalier Criel-sur-Mer - Monte escalier<\/title>\n<meta name=\"robots\" content=\"index, follow, max-snippet:-1, max-image-preview:large, max-video-preview:-1\" \/>\n<link rel=\"canonical\" href=\"https:\/\/www.monteescalier.net\/france\/monte-escalier-criel-sur-mer\/\" \/>\n<meta property=\"og:locale\" content=\"fr_FR\" \/>\n<meta property=\"og:type\" content=\"article\" \/>\n<meta property=\"og:title\" content=\"Monte escalier Criel-sur-Mer - Monte escalier\" \/>\n<meta property=\"og:description\" content=\"Qui contacter pour un monte escalier \u00e0 Criel-sur-Mer Un installateur national, un revendeur r\u00e9gional, un prestataire local? Qui faut il choisir pour faire poser un monte escalier \u00e0 Criel-sur-Mer. Pour r\u00e9pondre \u00e0 cette questionsans perdre de temps, c&rsquo;est facile, utilisez les services de monteescalier.net. Notre site est une passerelle entre les possibles acqu\u00e9reurs de monte [&hellip;]\" \/>\n<meta property=\"og:url\" content=\"https:\/\/www.monteescalier.net\/france\/monte-escalier-criel-sur-mer\/\" \/>\n<meta property=\"og:site_name\" content=\"Monte escalier\" \/>\n<meta name=\"twitter:card\" content=\"summary_large_image\" \/>\n<meta name=\"twitter:label1\" content=\"Dur\u00e9e de lecture estim\u00e9e\" \/>\n\t<meta name=\"twitter:data1\" content=\"2 minutes\" \/>\n<script type=\"application\/ld+json\" class=\"yoast-schema-graph\">{\"@context\":\"https:\/\/schema.org\",\"@graph\":[{\"@type\":\"WebPage\",\"@id\":\"https:\/\/www.monteescalier.net\/france\/monte-escalier-criel-sur-mer\/\",\"url\":\"https:\/\/www.monteescalier.net\/france\/monte-escalier-criel-sur-mer\/\",\"name\":\"Monte escalier Criel-sur-Mer - Monte escalier\",\"isPartOf\":{\"@id\":\"https:\/\/www.monteescalier.net\/france\/#website\"},\"datePublished\":\"2013-09-26T10:48:02+00:00\",\"breadcrumb\":{\"@id\":\"https:\/\/www.monteescalier.net\/france\/monte-escalier-criel-sur-mer\/#breadcrumb\"},\"inLanguage\":\"fr-FR\",\"potentialAction\":[{\"@type\":\"ReadAction\",\"target\":[\"https:\/\/www.monteescalier.net\/france\/monte-escalier-criel-sur-mer\/\"]}]},{\"@type\":\"BreadcrumbList\",\"@id\":\"https:\/\/www.monteescalier.net\/france\/monte-escalier-criel-sur-mer\/#breadcrumb\",\"itemListElement\":[{\"@type\":\"ListItem\",\"position\":1,\"name\":\"Accueil\",\"item\":\"https:\/\/www.monteescalier.net\/france\/\"},{\"@type\":\"ListItem\",\"position\":2,\"name\":\"Monte escalier Criel-sur-Mer\"}]},{\"@type\":\"WebSite\",\"@id\":\"https:\/\/www.monteescalier.net\/france\/#website\",\"url\":\"https:\/\/www.monteescalier.net\/france\/\",\"name\":\"Monte escalier\",\"description\":\"\",\"publisher\":{\"@id\":\"https:\/\/www.monteescalier.net\/france\/#organization\"},\"potentialAction\":[{\"@type\":\"SearchAction\",\"target\":{\"@type\":\"EntryPoint\",\"urlTemplate\":\"https:\/\/www.monteescalier.net\/france\/?s={search_term_string}\"},\"query-input\":{\"@type\":\"PropertyValueSpecification\",\"valueRequired\":true,\"valueName\":\"search_term_string\"}}],\"inLanguage\":\"fr-FR\"},{\"@type\":\"Organization\",\"@id\":\"https:\/\/www.monteescalier.net\/france\/#organization\",\"name\":\"monte-escalier.net\",\"url\":\"https:\/\/www.monteescalier.net\/france\/\",\"logo\":{\"@type\":\"ImageObject\",\"inLanguage\":\"fr-FR\",\"@id\":\"https:\/\/www.monteescalier.net\/france\/#\/schema\/logo\/image\/\",\"url\":\"https:\/\/www.monteescalier.net\/france\/wp-content\/uploads\/2016\/10\/4devis-mont-escalier-500-500.gif\",\"contentUrl\":\"https:\/\/www.monteescalier.net\/france\/wp-content\/uploads\/2016\/10\/4devis-mont-escalier-500-500.gif\",\"width\":500,\"height\":500,\"caption\":\"monte-escalier.net\"},\"image\":{\"@id\":\"https:\/\/www.monteescalier.net\/france\/#\/schema\/logo\/image\/\"}}]}<\/script>\n<!-- \/ Yoast SEO plugin. -->","yoast_head_json":{"title":"Monte escalier Criel-sur-Mer - Monte escalier","robots":{"index":"index","follow":"follow","max-snippet":"max-snippet:-1","max-image-preview":"max-image-preview:large","max-video-preview":"max-video-preview:-1"},"canonical":"https:\/\/www.monteescalier.net\/france\/monte-escalier-criel-sur-mer\/","og_locale":"fr_FR","og_type":"article","og_title":"Monte escalier Criel-sur-Mer - Monte escalier","og_description":"Qui contacter pour un monte escalier \u00e0 Criel-sur-Mer Un installateur national, un revendeur r\u00e9gional, un prestataire local? Qui faut il choisir pour faire poser un monte escalier \u00e0 Criel-sur-Mer. Pour r\u00e9pondre \u00e0 cette questionsans perdre de temps, c&rsquo;est facile, utilisez les services de monteescalier.net. Notre site est une passerelle entre les possibles acqu\u00e9reurs de monte [&hellip;]","og_url":"https:\/\/www.monteescalier.net\/france\/monte-escalier-criel-sur-mer\/","og_site_name":"Monte escalier","twitter_card":"summary_large_image","twitter_misc":{"Dur\u00e9e de lecture estim\u00e9e":"2 minutes"},"schema":{"@context":"https:\/\/schema.org","@graph":[{"@type":"WebPage","@id":"https:\/\/www.monteescalier.net\/france\/monte-escalier-criel-sur-mer\/","url":"https:\/\/www.monteescalier.net\/france\/monte-escalier-criel-sur-mer\/","name":"Monte escalier Criel-sur-Mer - Monte escalier","isPartOf":{"@id":"https:\/\/www.monteescalier.net\/france\/#website"},"datePublished":"2013-09-26T10:48:02+00:00","breadcrumb":{"@id":"https:\/\/www.monteescalier.net\/france\/monte-escalier-criel-sur-mer\/#breadcrumb"},"inLanguage":"fr-FR","potentialAction":[{"@type":"ReadAction","target":["https:\/\/www.monteescalier.net\/france\/monte-escalier-criel-sur-mer\/"]}]},{"@type":"BreadcrumbList","@id":"https:\/\/www.monteescalier.net\/france\/monte-escalier-criel-sur-mer\/#breadcrumb","itemListElement":[{"@type":"ListItem","position":1,"name":"Accueil","item":"https:\/\/www.monteescalier.net\/france\/"},{"@type":"ListItem","position":2,"name":"Monte escalier Criel-sur-Mer"}]},{"@type":"WebSite","@id":"https:\/\/www.monteescalier.net\/france\/#website","url":"https:\/\/www.monteescalier.net\/france\/","name":"Monte escalier","description":"","publisher":{"@id":"https:\/\/www.monteescalier.net\/france\/#organization"},"potentialAction":[{"@type":"SearchAction","target":{"@type":"EntryPoint","urlTemplate":"https:\/\/www.monteescalier.net\/france\/?s={search_term_string}"},"query-input":{"@type":"PropertyValueSpecification","valueRequired":true,"valueName":"search_term_string"}}],"inLanguage":"fr-FR"},{"@type":"Organization","@id":"https:\/\/www.monteescalier.net\/france\/#organization","name":"monte-escalier.net","url":"https:\/\/www.monteescalier.net\/france\/","logo":{"@type":"ImageObject","inLanguage":"fr-FR","@id":"https:\/\/www.monteescalier.net\/france\/#\/schema\/logo\/image\/","url":"https:\/\/www.monteescalier.net\/france\/wp-content\/uploads\/2016\/10\/4devis-mont-escalier-500-500.gif","contentUrl":"https:\/\/www.monteescalier.net\/france\/wp-content\/uploads\/2016\/10\/4devis-mont-escalier-500-500.gif","width":500,"height":500,"caption":"monte-escalier.net"},"image":{"@id":"https:\/\/www.monteescalier.net\/france\/#\/schema\/logo\/image\/"}}]}},"_links":{"self":[{"href":"https:\/\/www.monteescalier.net\/france\/wp-json\/wp\/v2\/pages\/4584","targetHints":{"allow":["GET"]}}],"collection":[{"href":"https:\/\/www.monteescalier.net\/france\/wp-json\/wp\/v2\/pages"}],"about":[{"href":"https:\/\/www.monteescalier.net\/france\/wp-json\/wp\/v2\/types\/page"}],"author":[{"embeddable":true,"href":"https:\/\/www.monteescalier.net\/france\/wp-json\/wp\/v2\/users\/1"}],"replies":[{"embeddable":true,"href":"https:\/\/www.monteescalier.net\/france\/wp-json\/wp\/v2\/comments?post=4584"}],"version-history":[{"count":0,"href":"https:\/\/www.monteescalier.net\/france\/wp-json\/wp\/v2\/pages\/4584\/revisions"}],"wp:attachment":[{"href":"https:\/\/www.monteescalier.net\/france\/wp-json\/wp\/v2\/media?parent=4584"}],"curies":[{"name":"wp","href":"https:\/\/api.w.org\/{rel}","templated":true}]}}