{"id":4632,"date":"2013-09-26T10:48:03","date_gmt":"2013-09-26T10:48:03","guid":{"rendered":"https:\/\/www.monteescalier.net\/france\/?page_id=4632"},"modified":"-0001-11-30T00:00:00","modified_gmt":"-0001-11-29T23:00:00","slug":"monte-escalier-chalindrey","status":"publish","type":"page","link":"https:\/\/www.monteescalier.net\/france\/monte-escalier-chalindrey\/","title":{"rendered":"Monte escalier Chalindrey"},"content":{"rendered":"<h1>Votre Monte escalier \u00e0 Chalindrey<\/h1>\n<div class=\"boite_texte\">\n<div style=\"text-align:justify; margin-bottom:10px\">Un installateur national, un revendeur r\u00e9gional, un prestataire local? Qui faut il choisir pour faire poser un monte escalier \u00e0 Chalindrey. Pour r\u00e9pondre \u00e0 cette questionsans gaspiller de temps, c&rsquo;est facile, utilisez les services de monteescalier.net.<\/div>\n<div style=\"text-align:justify; margin-bottom:10px\">Gr\u00e2ce \u00e0 ce site, vous allez pouvoir trouver facilement les vendeurs de monte escalier sur Chalindrey et sa r\u00e9gion. Nous allons, en effet, vous mettre en relation gratuitement avec notre pr\u00e9selection de vendeurs de monte escalier \u00e0 Chalindrey.<\/div>\n<div style=\"text-align:justify; margin-bottom:10px\">Pour choisir votre revendeur de monte escalier \u00e0 Chalindrey, le plus facile est de pouvoir disposer de plusieurs devis \u00e9manant de diff\u00e9rentes soci\u00e9t\u00e9. C&rsquo;est justement ce que nous vous proposons. Remplissez une demande de devis et nos partenaires vous feront chacun leur meilleure offre pour votre monte escalier \u00e0 Chalindrey.<\/div>\n<div style=\"text-align:justify; margin-bottom:10px\">Vous avez des questions sur l&rsquo;installation d&rsquo;un monte escalier, sur les prix des monte escalier, sur les diff\u00e9rents mod\u00e8les, utilisez notre formulaire de demande de rappel et les professionnels du monte escalier vous rappelleront rapidement.<\/div>\n<div style=\"text-align:justify; margin-bottom:10px\">Consulter des brochures de pr\u00e9sentation produits peut vous aider \u00e0 faire une s\u00e9lection parmi les mod\u00e8les de monte escalier. Nos partenaires peuvent mettre \u00e0 votre disposition des brochures papier ou \u00e9lectroniques. Le formulaire de demande de documentation sur ce site vous permettra d&rsquo;acc\u00e9der gratuitement \u00e0 ce service.<\/div>\n<div style=\"text-align:justify; margin-bottom:10px\">Vous pensez certainement que nous allons vous faire payer ces services&#8230;et bien non ! Tous nos services de mise en relation avec notre s\u00e9lection de vendeurs de monte escalier \u00e0 Chalindrey sont enti\u00e8rement gratuits et vous n&rsquo;\u00eates en aucun cas oblig\u00e9 \u00e0 l&rsquo;achat de quoi que ce soit aupr\u00e8s des revendeurs que nous vous conseillons.<\/div>\n<\/div>\n<div class=\"titre_liens\">Vous serez peut \u00eatre int\u00e9ress\u00e9s aussi par nos autres offres dans le d\u00e9partement<\/div>\n<div class=\"boite_liens\"><a href=\"https:\/\/www.monteescalier.net\/france\/monte-escalier-bourbonne-les-bains\">Monte escalier Bourbonne-les-Bains<\/a><br \/>\n<a href=\"https:\/\/www.monteescalier.net\/france\/monte-escalier-val-de-meuse\">Monte escalier Val-de-Meuse<\/a><br \/>\n<a href=\"https:\/\/www.monteescalier.net\/france\/monte-escalier-montier-en-der\">Monte escalier Montier-en-Der<\/a><br \/>\n<a href=\"https:\/\/www.monteescalier.net\/france\/monte-escalier-eclaron-braucourt-sainte-liviere\">Monte escalier \u00c9claron-Braucourt-Sainte-Livi\u00e8re<\/a><br \/>\n<a href=\"https:\/\/www.monteescalier.net\/france\/monte-escalier-eurville-bienville\">Monte escalier Eurville-Bienville<\/a>\n<\/div>\n","protected":false},"excerpt":{"rendered":"<p>Votre Monte escalier \u00e0 Chalindrey Un installateur national, un revendeur r\u00e9gional, un prestataire local? Qui faut il choisir pour faire poser un monte escalier \u00e0 Chalindrey. Pour r\u00e9pondre \u00e0 cette questionsans gaspiller de temps, c&rsquo;est facile, utilisez les services de monteescalier.net. Gr\u00e2ce \u00e0 ce site, vous allez pouvoir trouver facilement les vendeurs de monte escalier [&hellip;]<\/p>\n","protected":false},"author":1,"featured_media":0,"parent":0,"menu_order":0,"comment_status":"closed","ping_status":"open","template":"template_ville_8.php","meta":{"_monsterinsights_skip_tracking":false,"_monsterinsights_sitenote_active":false,"_monsterinsights_sitenote_note":"","_monsterinsights_sitenote_category":0,"footnotes":""},"class_list":["post-4632","page","type-page","status-publish","hentry"],"yoast_head":"<!-- This site is optimized with the Yoast SEO plugin v26.3 - https:\/\/yoast.com\/wordpress\/plugins\/seo\/ -->\n<title>Monte escalier Chalindrey - Monte escalier<\/title>\n<meta name=\"robots\" content=\"index, follow, max-snippet:-1, max-image-preview:large, max-video-preview:-1\" \/>\n<link rel=\"canonical\" href=\"https:\/\/www.monteescalier.net\/france\/monte-escalier-chalindrey\/\" \/>\n<meta property=\"og:locale\" content=\"fr_FR\" \/>\n<meta property=\"og:type\" content=\"article\" \/>\n<meta property=\"og:title\" content=\"Monte escalier Chalindrey - Monte escalier\" \/>\n<meta property=\"og:description\" content=\"Votre Monte escalier \u00e0 Chalindrey Un installateur national, un revendeur r\u00e9gional, un prestataire local? Qui faut il choisir pour faire poser un monte escalier \u00e0 Chalindrey. Pour r\u00e9pondre \u00e0 cette questionsans gaspiller de temps, c&rsquo;est facile, utilisez les services de monteescalier.net. Gr\u00e2ce \u00e0 ce site, vous allez pouvoir trouver facilement les vendeurs de monte escalier [&hellip;]\" \/>\n<meta property=\"og:url\" content=\"https:\/\/www.monteescalier.net\/france\/monte-escalier-chalindrey\/\" \/>\n<meta property=\"og:site_name\" content=\"Monte escalier\" \/>\n<meta name=\"twitter:card\" content=\"summary_large_image\" \/>\n<meta name=\"twitter:label1\" content=\"Dur\u00e9e de lecture estim\u00e9e\" \/>\n\t<meta name=\"twitter:data1\" content=\"2 minutes\" \/>\n<script type=\"application\/ld+json\" class=\"yoast-schema-graph\">{\"@context\":\"https:\/\/schema.org\",\"@graph\":[{\"@type\":\"WebPage\",\"@id\":\"https:\/\/www.monteescalier.net\/france\/monte-escalier-chalindrey\/\",\"url\":\"https:\/\/www.monteescalier.net\/france\/monte-escalier-chalindrey\/\",\"name\":\"Monte escalier Chalindrey - Monte escalier\",\"isPartOf\":{\"@id\":\"https:\/\/www.monteescalier.net\/france\/#website\"},\"datePublished\":\"2013-09-26T10:48:03+00:00\",\"breadcrumb\":{\"@id\":\"https:\/\/www.monteescalier.net\/france\/monte-escalier-chalindrey\/#breadcrumb\"},\"inLanguage\":\"fr-FR\",\"potentialAction\":[{\"@type\":\"ReadAction\",\"target\":[\"https:\/\/www.monteescalier.net\/france\/monte-escalier-chalindrey\/\"]}]},{\"@type\":\"BreadcrumbList\",\"@id\":\"https:\/\/www.monteescalier.net\/france\/monte-escalier-chalindrey\/#breadcrumb\",\"itemListElement\":[{\"@type\":\"ListItem\",\"position\":1,\"name\":\"Accueil\",\"item\":\"https:\/\/www.monteescalier.net\/france\/\"},{\"@type\":\"ListItem\",\"position\":2,\"name\":\"Monte escalier Chalindrey\"}]},{\"@type\":\"WebSite\",\"@id\":\"https:\/\/www.monteescalier.net\/france\/#website\",\"url\":\"https:\/\/www.monteescalier.net\/france\/\",\"name\":\"Monte escalier\",\"description\":\"\",\"publisher\":{\"@id\":\"https:\/\/www.monteescalier.net\/france\/#organization\"},\"potentialAction\":[{\"@type\":\"SearchAction\",\"target\":{\"@type\":\"EntryPoint\",\"urlTemplate\":\"https:\/\/www.monteescalier.net\/france\/?s={search_term_string}\"},\"query-input\":{\"@type\":\"PropertyValueSpecification\",\"valueRequired\":true,\"valueName\":\"search_term_string\"}}],\"inLanguage\":\"fr-FR\"},{\"@type\":\"Organization\",\"@id\":\"https:\/\/www.monteescalier.net\/france\/#organization\",\"name\":\"monte-escalier.net\",\"url\":\"https:\/\/www.monteescalier.net\/france\/\",\"logo\":{\"@type\":\"ImageObject\",\"inLanguage\":\"fr-FR\",\"@id\":\"https:\/\/www.monteescalier.net\/france\/#\/schema\/logo\/image\/\",\"url\":\"https:\/\/www.monteescalier.net\/france\/wp-content\/uploads\/2016\/10\/4devis-mont-escalier-500-500.gif\",\"contentUrl\":\"https:\/\/www.monteescalier.net\/france\/wp-content\/uploads\/2016\/10\/4devis-mont-escalier-500-500.gif\",\"width\":500,\"height\":500,\"caption\":\"monte-escalier.net\"},\"image\":{\"@id\":\"https:\/\/www.monteescalier.net\/france\/#\/schema\/logo\/image\/\"}}]}<\/script>\n<!-- \/ Yoast SEO plugin. -->","yoast_head_json":{"title":"Monte escalier Chalindrey - Monte escalier","robots":{"index":"index","follow":"follow","max-snippet":"max-snippet:-1","max-image-preview":"max-image-preview:large","max-video-preview":"max-video-preview:-1"},"canonical":"https:\/\/www.monteescalier.net\/france\/monte-escalier-chalindrey\/","og_locale":"fr_FR","og_type":"article","og_title":"Monte escalier Chalindrey - Monte escalier","og_description":"Votre Monte escalier \u00e0 Chalindrey Un installateur national, un revendeur r\u00e9gional, un prestataire local? Qui faut il choisir pour faire poser un monte escalier \u00e0 Chalindrey. Pour r\u00e9pondre \u00e0 cette questionsans gaspiller de temps, c&rsquo;est facile, utilisez les services de monteescalier.net. Gr\u00e2ce \u00e0 ce site, vous allez pouvoir trouver facilement les vendeurs de monte escalier [&hellip;]","og_url":"https:\/\/www.monteescalier.net\/france\/monte-escalier-chalindrey\/","og_site_name":"Monte escalier","twitter_card":"summary_large_image","twitter_misc":{"Dur\u00e9e de lecture estim\u00e9e":"2 minutes"},"schema":{"@context":"https:\/\/schema.org","@graph":[{"@type":"WebPage","@id":"https:\/\/www.monteescalier.net\/france\/monte-escalier-chalindrey\/","url":"https:\/\/www.monteescalier.net\/france\/monte-escalier-chalindrey\/","name":"Monte escalier Chalindrey - Monte escalier","isPartOf":{"@id":"https:\/\/www.monteescalier.net\/france\/#website"},"datePublished":"2013-09-26T10:48:03+00:00","breadcrumb":{"@id":"https:\/\/www.monteescalier.net\/france\/monte-escalier-chalindrey\/#breadcrumb"},"inLanguage":"fr-FR","potentialAction":[{"@type":"ReadAction","target":["https:\/\/www.monteescalier.net\/france\/monte-escalier-chalindrey\/"]}]},{"@type":"BreadcrumbList","@id":"https:\/\/www.monteescalier.net\/france\/monte-escalier-chalindrey\/#breadcrumb","itemListElement":[{"@type":"ListItem","position":1,"name":"Accueil","item":"https:\/\/www.monteescalier.net\/france\/"},{"@type":"ListItem","position":2,"name":"Monte escalier Chalindrey"}]},{"@type":"WebSite","@id":"https:\/\/www.monteescalier.net\/france\/#website","url":"https:\/\/www.monteescalier.net\/france\/","name":"Monte escalier","description":"","publisher":{"@id":"https:\/\/www.monteescalier.net\/france\/#organization"},"potentialAction":[{"@type":"SearchAction","target":{"@type":"EntryPoint","urlTemplate":"https:\/\/www.monteescalier.net\/france\/?s={search_term_string}"},"query-input":{"@type":"PropertyValueSpecification","valueRequired":true,"valueName":"search_term_string"}}],"inLanguage":"fr-FR"},{"@type":"Organization","@id":"https:\/\/www.monteescalier.net\/france\/#organization","name":"monte-escalier.net","url":"https:\/\/www.monteescalier.net\/france\/","logo":{"@type":"ImageObject","inLanguage":"fr-FR","@id":"https:\/\/www.monteescalier.net\/france\/#\/schema\/logo\/image\/","url":"https:\/\/www.monteescalier.net\/france\/wp-content\/uploads\/2016\/10\/4devis-mont-escalier-500-500.gif","contentUrl":"https:\/\/www.monteescalier.net\/france\/wp-content\/uploads\/2016\/10\/4devis-mont-escalier-500-500.gif","width":500,"height":500,"caption":"monte-escalier.net"},"image":{"@id":"https:\/\/www.monteescalier.net\/france\/#\/schema\/logo\/image\/"}}]}},"_links":{"self":[{"href":"https:\/\/www.monteescalier.net\/france\/wp-json\/wp\/v2\/pages\/4632","targetHints":{"allow":["GET"]}}],"collection":[{"href":"https:\/\/www.monteescalier.net\/france\/wp-json\/wp\/v2\/pages"}],"about":[{"href":"https:\/\/www.monteescalier.net\/france\/wp-json\/wp\/v2\/types\/page"}],"author":[{"embeddable":true,"href":"https:\/\/www.monteescalier.net\/france\/wp-json\/wp\/v2\/users\/1"}],"replies":[{"embeddable":true,"href":"https:\/\/www.monteescalier.net\/france\/wp-json\/wp\/v2\/comments?post=4632"}],"version-history":[{"count":0,"href":"https:\/\/www.monteescalier.net\/france\/wp-json\/wp\/v2\/pages\/4632\/revisions"}],"wp:attachment":[{"href":"https:\/\/www.monteescalier.net\/france\/wp-json\/wp\/v2\/media?parent=4632"}],"curies":[{"name":"wp","href":"https:\/\/api.w.org\/{rel}","templated":true}]}}