{"id":4810,"date":"2013-09-26T10:48:05","date_gmt":"2013-09-26T10:48:05","guid":{"rendered":"https:\/\/www.monteescalier.net\/france\/?page_id=4810"},"modified":"-0001-11-30T00:00:00","modified_gmt":"-0001-11-29T23:00:00","slug":"monte-escalier-boisseuil","status":"publish","type":"page","link":"https:\/\/www.monteescalier.net\/france\/monte-escalier-boisseuil\/","title":{"rendered":"Monte escalier Boisseuil"},"content":{"rendered":"<h1>Acheter un monte escalier \u00e0 Boisseuil<\/h1>\n<div class=\"boite_texte\">\n<div style=\"text-align:justify; margin-bottom:10px\">Un installateur national, un revendeur r\u00e9gional, un prestataire local? Qui faut il choisir pour faire poser un monte escalier \u00e0 Boisseuil. Pour r\u00e9pondre \u00e0 cette interrogationsans perdre un temps pr\u00e9cieux, c&rsquo;est facile, utilisez les services de monteescalier.net.<\/div>\n<div style=\"text-align:justify; margin-bottom:10px\">Comment trouver le bon prestataire de monte escalier \u00e0 Boisseuil, c&rsquo;est tr\u00e8s facile. Faites confiance \u00e0 monteescalier pour vous mettre en contact tr\u00e8s rapidement avec les vendeurs de monte escalier qui comptent dans votre d\u00e9partement. Pas question de vous mettre en relation avec des prestataires qui ne desservent pas Boisseuil. Nous vous pr\u00e9senterons des prestataires locaux et nationaux, mais qui vendent tous des monte escalier \u00e0 Boisseuil et bien s\u00fbr les installent.<\/div>\n<div style=\"text-align:justify; margin-bottom:10px\">Obtenir 4 ou 5 devis pour votre monte escalier \u00e0 Boisseuil, c&rsquo;est la premi\u00e8re prestation totalement gratuite que nous sommes en mesure de vous proposer. Pour profiter de ce service gratuit et sans obligation d&rsquo;achat, laissez nous vos coordonn\u00e9es dans notre formulaire de demande de devis et vous serez recontact\u00e9s tr\u00e8s prochainement par les professionnels du monte escalier sur Boisseuil.<\/div>\n<div style=\"text-align:justify; margin-bottom:10px\">Votre villa peut elle accueillir un monte escalier? Votre escalier est il assez large? Vous faut il un monte escalier droit ou un monte escalier tournant? Quelle marque, quel fauteuil choisir? Pour obtenir diff\u00e9rents avis sur ces questions, utilisez notre fomulaire de rappel. Nos professionnels partenaires du monte escalier vous recontacteront tr\u00e8s vite !<\/div>\n<div style=\"text-align:justify; margin-bottom:10px\">Compulser de la documentation sur les monte escalier directement depuis chez vous sans vous d\u00e9placer c&rsquo;est possible et m\u00eame gratuit. Remplissez simplement un formulaire de demande de documentation et vous recevrez par la poste ou par email, toutes les documentations sur les produits vendus par nos partenaires vendeurs de monte escalier.<\/div>\n<div style=\"text-align:justify; margin-bottom:10px\">Avec notre site, pas de co\u00fbt et pas d&rsquo;engagements ! que vous contractiez ou non avec un de nos partenaires, nous ne vous facturerons rien pour notre service de mise en relation. Si vous trouvez votre prestataire gr\u00e2ce \u00e0 nous tant mieux pour vous, alors testez nous !<\/div>\n<\/div>\n<div class=\"titre_liens\">Vous habitez une autre ville dans le d\u00e9partement ? Regardez les liens suivants<\/div>\n<div class=\"boite_liens\"><a href=\"https:\/\/www.monteescalier.net\/france\/monte-escalier-nexon\">Monte escalier Nexon<\/a><br \/>\n<a href=\"https:\/\/www.monteescalier.net\/france\/monte-escalier-saint-just-le-martel\">Monte escalier Saint-Just-le-Martel<\/a><br \/>\n<a href=\"https:\/\/www.monteescalier.net\/france\/monte-escalier-bosmie-l-aiguille\">Monte escalier Bosmie-l&rsquo;Aiguille<\/a><br \/>\n<a href=\"https:\/\/www.monteescalier.net\/france\/monte-escalier-chateauponsac\">Monte escalier Ch\u00e2teauponsac<\/a><br \/>\n<a href=\"https:\/\/www.monteescalier.net\/france\/monte-escalier-oradour-sur-glane\">Monte escalier Oradour-sur-Glane<\/a>\n<\/div>\n","protected":false},"excerpt":{"rendered":"<p>Acheter un monte escalier \u00e0 Boisseuil Un installateur national, un revendeur r\u00e9gional, un prestataire local? Qui faut il choisir pour faire poser un monte escalier \u00e0 Boisseuil. Pour r\u00e9pondre \u00e0 cette interrogationsans perdre un temps pr\u00e9cieux, c&rsquo;est facile, utilisez les services de monteescalier.net. Comment trouver le bon prestataire de monte escalier \u00e0 Boisseuil, c&rsquo;est tr\u00e8s [&hellip;]<\/p>\n","protected":false},"author":1,"featured_media":0,"parent":0,"menu_order":0,"comment_status":"closed","ping_status":"open","template":"template_ville_3.php","meta":{"_monsterinsights_skip_tracking":false,"_monsterinsights_sitenote_active":false,"_monsterinsights_sitenote_note":"","_monsterinsights_sitenote_category":0,"footnotes":""},"class_list":["post-4810","page","type-page","status-publish","hentry"],"yoast_head":"<!-- This site is optimized with the Yoast SEO plugin v26.3 - https:\/\/yoast.com\/wordpress\/plugins\/seo\/ -->\n<title>Monte escalier Boisseuil - Monte escalier<\/title>\n<meta name=\"robots\" content=\"index, follow, max-snippet:-1, max-image-preview:large, max-video-preview:-1\" \/>\n<link rel=\"canonical\" href=\"https:\/\/www.monteescalier.net\/france\/monte-escalier-boisseuil\/\" \/>\n<meta property=\"og:locale\" content=\"fr_FR\" \/>\n<meta property=\"og:type\" content=\"article\" \/>\n<meta property=\"og:title\" content=\"Monte escalier Boisseuil - Monte escalier\" \/>\n<meta property=\"og:description\" content=\"Acheter un monte escalier \u00e0 Boisseuil Un installateur national, un revendeur r\u00e9gional, un prestataire local? Qui faut il choisir pour faire poser un monte escalier \u00e0 Boisseuil. Pour r\u00e9pondre \u00e0 cette interrogationsans perdre un temps pr\u00e9cieux, c&rsquo;est facile, utilisez les services de monteescalier.net. Comment trouver le bon prestataire de monte escalier \u00e0 Boisseuil, c&rsquo;est tr\u00e8s [&hellip;]\" \/>\n<meta property=\"og:url\" content=\"https:\/\/www.monteescalier.net\/france\/monte-escalier-boisseuil\/\" \/>\n<meta property=\"og:site_name\" content=\"Monte escalier\" \/>\n<meta name=\"twitter:card\" content=\"summary_large_image\" \/>\n<meta name=\"twitter:label1\" content=\"Dur\u00e9e de lecture estim\u00e9e\" \/>\n\t<meta name=\"twitter:data1\" content=\"2 minutes\" \/>\n<script type=\"application\/ld+json\" class=\"yoast-schema-graph\">{\"@context\":\"https:\/\/schema.org\",\"@graph\":[{\"@type\":\"WebPage\",\"@id\":\"https:\/\/www.monteescalier.net\/france\/monte-escalier-boisseuil\/\",\"url\":\"https:\/\/www.monteescalier.net\/france\/monte-escalier-boisseuil\/\",\"name\":\"Monte escalier Boisseuil - Monte escalier\",\"isPartOf\":{\"@id\":\"https:\/\/www.monteescalier.net\/france\/#website\"},\"datePublished\":\"2013-09-26T10:48:05+00:00\",\"breadcrumb\":{\"@id\":\"https:\/\/www.monteescalier.net\/france\/monte-escalier-boisseuil\/#breadcrumb\"},\"inLanguage\":\"fr-FR\",\"potentialAction\":[{\"@type\":\"ReadAction\",\"target\":[\"https:\/\/www.monteescalier.net\/france\/monte-escalier-boisseuil\/\"]}]},{\"@type\":\"BreadcrumbList\",\"@id\":\"https:\/\/www.monteescalier.net\/france\/monte-escalier-boisseuil\/#breadcrumb\",\"itemListElement\":[{\"@type\":\"ListItem\",\"position\":1,\"name\":\"Accueil\",\"item\":\"https:\/\/www.monteescalier.net\/france\/\"},{\"@type\":\"ListItem\",\"position\":2,\"name\":\"Monte escalier Boisseuil\"}]},{\"@type\":\"WebSite\",\"@id\":\"https:\/\/www.monteescalier.net\/france\/#website\",\"url\":\"https:\/\/www.monteescalier.net\/france\/\",\"name\":\"Monte escalier\",\"description\":\"\",\"publisher\":{\"@id\":\"https:\/\/www.monteescalier.net\/france\/#organization\"},\"potentialAction\":[{\"@type\":\"SearchAction\",\"target\":{\"@type\":\"EntryPoint\",\"urlTemplate\":\"https:\/\/www.monteescalier.net\/france\/?s={search_term_string}\"},\"query-input\":{\"@type\":\"PropertyValueSpecification\",\"valueRequired\":true,\"valueName\":\"search_term_string\"}}],\"inLanguage\":\"fr-FR\"},{\"@type\":\"Organization\",\"@id\":\"https:\/\/www.monteescalier.net\/france\/#organization\",\"name\":\"monte-escalier.net\",\"url\":\"https:\/\/www.monteescalier.net\/france\/\",\"logo\":{\"@type\":\"ImageObject\",\"inLanguage\":\"fr-FR\",\"@id\":\"https:\/\/www.monteescalier.net\/france\/#\/schema\/logo\/image\/\",\"url\":\"https:\/\/www.monteescalier.net\/france\/wp-content\/uploads\/2016\/10\/4devis-mont-escalier-500-500.gif\",\"contentUrl\":\"https:\/\/www.monteescalier.net\/france\/wp-content\/uploads\/2016\/10\/4devis-mont-escalier-500-500.gif\",\"width\":500,\"height\":500,\"caption\":\"monte-escalier.net\"},\"image\":{\"@id\":\"https:\/\/www.monteescalier.net\/france\/#\/schema\/logo\/image\/\"}}]}<\/script>\n<!-- \/ Yoast SEO plugin. -->","yoast_head_json":{"title":"Monte escalier Boisseuil - Monte escalier","robots":{"index":"index","follow":"follow","max-snippet":"max-snippet:-1","max-image-preview":"max-image-preview:large","max-video-preview":"max-video-preview:-1"},"canonical":"https:\/\/www.monteescalier.net\/france\/monte-escalier-boisseuil\/","og_locale":"fr_FR","og_type":"article","og_title":"Monte escalier Boisseuil - Monte escalier","og_description":"Acheter un monte escalier \u00e0 Boisseuil Un installateur national, un revendeur r\u00e9gional, un prestataire local? Qui faut il choisir pour faire poser un monte escalier \u00e0 Boisseuil. Pour r\u00e9pondre \u00e0 cette interrogationsans perdre un temps pr\u00e9cieux, c&rsquo;est facile, utilisez les services de monteescalier.net. Comment trouver le bon prestataire de monte escalier \u00e0 Boisseuil, c&rsquo;est tr\u00e8s [&hellip;]","og_url":"https:\/\/www.monteescalier.net\/france\/monte-escalier-boisseuil\/","og_site_name":"Monte escalier","twitter_card":"summary_large_image","twitter_misc":{"Dur\u00e9e de lecture estim\u00e9e":"2 minutes"},"schema":{"@context":"https:\/\/schema.org","@graph":[{"@type":"WebPage","@id":"https:\/\/www.monteescalier.net\/france\/monte-escalier-boisseuil\/","url":"https:\/\/www.monteescalier.net\/france\/monte-escalier-boisseuil\/","name":"Monte escalier Boisseuil - Monte escalier","isPartOf":{"@id":"https:\/\/www.monteescalier.net\/france\/#website"},"datePublished":"2013-09-26T10:48:05+00:00","breadcrumb":{"@id":"https:\/\/www.monteescalier.net\/france\/monte-escalier-boisseuil\/#breadcrumb"},"inLanguage":"fr-FR","potentialAction":[{"@type":"ReadAction","target":["https:\/\/www.monteescalier.net\/france\/monte-escalier-boisseuil\/"]}]},{"@type":"BreadcrumbList","@id":"https:\/\/www.monteescalier.net\/france\/monte-escalier-boisseuil\/#breadcrumb","itemListElement":[{"@type":"ListItem","position":1,"name":"Accueil","item":"https:\/\/www.monteescalier.net\/france\/"},{"@type":"ListItem","position":2,"name":"Monte escalier Boisseuil"}]},{"@type":"WebSite","@id":"https:\/\/www.monteescalier.net\/france\/#website","url":"https:\/\/www.monteescalier.net\/france\/","name":"Monte escalier","description":"","publisher":{"@id":"https:\/\/www.monteescalier.net\/france\/#organization"},"potentialAction":[{"@type":"SearchAction","target":{"@type":"EntryPoint","urlTemplate":"https:\/\/www.monteescalier.net\/france\/?s={search_term_string}"},"query-input":{"@type":"PropertyValueSpecification","valueRequired":true,"valueName":"search_term_string"}}],"inLanguage":"fr-FR"},{"@type":"Organization","@id":"https:\/\/www.monteescalier.net\/france\/#organization","name":"monte-escalier.net","url":"https:\/\/www.monteescalier.net\/france\/","logo":{"@type":"ImageObject","inLanguage":"fr-FR","@id":"https:\/\/www.monteescalier.net\/france\/#\/schema\/logo\/image\/","url":"https:\/\/www.monteescalier.net\/france\/wp-content\/uploads\/2016\/10\/4devis-mont-escalier-500-500.gif","contentUrl":"https:\/\/www.monteescalier.net\/france\/wp-content\/uploads\/2016\/10\/4devis-mont-escalier-500-500.gif","width":500,"height":500,"caption":"monte-escalier.net"},"image":{"@id":"https:\/\/www.monteescalier.net\/france\/#\/schema\/logo\/image\/"}}]}},"_links":{"self":[{"href":"https:\/\/www.monteescalier.net\/france\/wp-json\/wp\/v2\/pages\/4810","targetHints":{"allow":["GET"]}}],"collection":[{"href":"https:\/\/www.monteescalier.net\/france\/wp-json\/wp\/v2\/pages"}],"about":[{"href":"https:\/\/www.monteescalier.net\/france\/wp-json\/wp\/v2\/types\/page"}],"author":[{"embeddable":true,"href":"https:\/\/www.monteescalier.net\/france\/wp-json\/wp\/v2\/users\/1"}],"replies":[{"embeddable":true,"href":"https:\/\/www.monteescalier.net\/france\/wp-json\/wp\/v2\/comments?post=4810"}],"version-history":[{"count":0,"href":"https:\/\/www.monteescalier.net\/france\/wp-json\/wp\/v2\/pages\/4810\/revisions"}],"wp:attachment":[{"href":"https:\/\/www.monteescalier.net\/france\/wp-json\/wp\/v2\/media?parent=4810"}],"curies":[{"name":"wp","href":"https:\/\/api.w.org\/{rel}","templated":true}]}}