{"id":5042,"date":"2013-09-26T10:48:09","date_gmt":"2013-09-26T10:48:09","guid":{"rendered":"https:\/\/www.monteescalier.net\/france\/?page_id=5042"},"modified":"-0001-11-30T00:00:00","modified_gmt":"-0001-11-29T23:00:00","slug":"monte-escalier-chauve","status":"publish","type":"page","link":"https:\/\/www.monteescalier.net\/france\/monte-escalier-chauve\/","title":{"rendered":"Monte escalier Chauv\u00e9"},"content":{"rendered":"<h1>Bien acheter son monte escalier \u00e0 Chauv\u00e9<\/h1>\n<div class=\"boite_texte\">\n<div style=\"text-align:justify; margin-bottom:10px\">Qui contacter pour un monte escalier \u00e0 Chauv\u00e9 ? C&rsquo;est \u00e0 cette questionque le site monteescalier.net vous propose d&rsquo;apporter la r\u00e9ponse en vous proposant ses services exclusifs.<\/div>\n<div style=\"text-align:justify; margin-bottom:10px\">L&rsquo;\u00e9quipe de monteescalier.net vous propose de s\u00e9lectionner pour vous les installateurs de monte escalier les plus comp\u00e9titifs dans la r\u00e9gion de Chauv\u00e9. Notre s\u00e9lection est compos\u00e9e de professionnels reconnus du monte escalier parmi lesquels vous trouverez certainement votre prestataire.<\/div>\n<div style=\"text-align:justify; margin-bottom:10px\">Votre temps est compt\u00e9 pour chercher tous les revendeurs de monte escalier de Chauv\u00e9 pour choisir le meilleur, sachez que nous sommes en mesure de le faire pour vous. Remplissez simplement un formulaire de devis en ligne et nos professionnels partenaires seront tr\u00e8s heureux de pouvoir vous en proposer chacun un : car pour faire un choix, il faut avoir le choix !<\/div>\n<div style=\"text-align:justify; margin-bottom:10px\">Avant de passer commande d&rsquo;un monte escalier, vous souhaitez en parler au t\u00e9l\u00e9phone avec plusieurs experts. Dans ce cas, utilisez notre demande de rappel, et nos partenaires experts du monte escalier vous rappelleront dans les plus brefs d\u00e9lais pour discuter de votre projet.<\/div>\n<div style=\"text-align:justify; margin-bottom:10px\">Vous \u00eates perdus dans la multitude des marques et des mod\u00e8les de monte escalier, utilisez notre formulaire de documentation pour obtenir un maximum d&rsquo;informations sur les mod\u00e8les commercialis\u00e9s par nos partenaires vendeurs de monte escalier. Pr\u00e9cisez dans votre demande si vous souhaitez les recevoir par email au format \u00e9lectronique ou sur papier par courrier postal.<\/div>\n<div style=\"text-align:justify; margin-bottom:10px\">Combien vont vous co\u00fbter nos services de mise en relation ? R\u00e9ponse, z\u00e9ro euro,&#8230; alors o\u00f9 est le pi\u00e8ge ? Il n&rsquo;y en a aucun, notre offre est totalement sans engagement. Si les propositions de nos partenaires ne vous conviennent pas, vous restez totalement libre d&rsquo;aller voir ailleurs !<\/div>\n<\/div>\n<div class=\"titre_liens\">A consulter aussi dans les autres villes pr\u00e8s d&rsquo;ici<\/div>\n<div class=\"boite_liens\"><a href=\"https:\/\/www.monteescalier.net\/france\/monte-escalier-sainte-anne-sur-brivet\">Monte escalier Sainte-Anne-sur-Brivet<\/a><br \/>\n<a href=\"https:\/\/www.monteescalier.net\/france\/monte-escalier-besne\">Monte escalier Besn\u00e9<\/a><br \/>\n<a href=\"https:\/\/www.monteescalier.net\/france\/monte-escalier-saint-mars-la-jaille\">Monte escalier Saint-Mars-la-Jaille<\/a><br \/>\n<a href=\"https:\/\/www.monteescalier.net\/france\/monte-escalier-piriac-sur-mer\">Monte escalier Piriac-sur-Mer<\/a><br \/>\n<a href=\"https:\/\/www.monteescalier.net\/france\/monte-escalier-la-planche\">Monte escalier Planche<\/a>\n<\/div>\n","protected":false},"excerpt":{"rendered":"<p>Bien acheter son monte escalier \u00e0 Chauv\u00e9 Qui contacter pour un monte escalier \u00e0 Chauv\u00e9 ? C&rsquo;est \u00e0 cette questionque le site monteescalier.net vous propose d&rsquo;apporter la r\u00e9ponse en vous proposant ses services exclusifs. L&rsquo;\u00e9quipe de monteescalier.net vous propose de s\u00e9lectionner pour vous les installateurs de monte escalier les plus comp\u00e9titifs dans la r\u00e9gion de [&hellip;]<\/p>\n","protected":false},"author":1,"featured_media":0,"parent":0,"menu_order":0,"comment_status":"closed","ping_status":"open","template":"template_ville_4.php","meta":{"_monsterinsights_skip_tracking":false,"_monsterinsights_sitenote_active":false,"_monsterinsights_sitenote_note":"","_monsterinsights_sitenote_category":0,"footnotes":""},"class_list":["post-5042","page","type-page","status-publish","hentry"],"yoast_head":"<!-- This site is optimized with the Yoast SEO plugin v26.3 - https:\/\/yoast.com\/wordpress\/plugins\/seo\/ -->\n<title>Monte escalier Chauv\u00e9 - Monte escalier<\/title>\n<meta name=\"robots\" content=\"index, follow, max-snippet:-1, max-image-preview:large, max-video-preview:-1\" \/>\n<link rel=\"canonical\" href=\"https:\/\/www.monteescalier.net\/france\/monte-escalier-chauve\/\" \/>\n<meta property=\"og:locale\" content=\"fr_FR\" \/>\n<meta property=\"og:type\" content=\"article\" \/>\n<meta property=\"og:title\" content=\"Monte escalier Chauv\u00e9 - Monte escalier\" \/>\n<meta property=\"og:description\" content=\"Bien acheter son monte escalier \u00e0 Chauv\u00e9 Qui contacter pour un monte escalier \u00e0 Chauv\u00e9 ? C&rsquo;est \u00e0 cette questionque le site monteescalier.net vous propose d&rsquo;apporter la r\u00e9ponse en vous proposant ses services exclusifs. L&rsquo;\u00e9quipe de monteescalier.net vous propose de s\u00e9lectionner pour vous les installateurs de monte escalier les plus comp\u00e9titifs dans la r\u00e9gion de [&hellip;]\" \/>\n<meta property=\"og:url\" content=\"https:\/\/www.monteescalier.net\/france\/monte-escalier-chauve\/\" \/>\n<meta property=\"og:site_name\" content=\"Monte escalier\" \/>\n<meta name=\"twitter:card\" content=\"summary_large_image\" \/>\n<meta name=\"twitter:label1\" content=\"Dur\u00e9e de lecture estim\u00e9e\" \/>\n\t<meta name=\"twitter:data1\" content=\"2 minutes\" \/>\n<script type=\"application\/ld+json\" class=\"yoast-schema-graph\">{\"@context\":\"https:\/\/schema.org\",\"@graph\":[{\"@type\":\"WebPage\",\"@id\":\"https:\/\/www.monteescalier.net\/france\/monte-escalier-chauve\/\",\"url\":\"https:\/\/www.monteescalier.net\/france\/monte-escalier-chauve\/\",\"name\":\"Monte escalier Chauv\u00e9 - Monte escalier\",\"isPartOf\":{\"@id\":\"https:\/\/www.monteescalier.net\/france\/#website\"},\"datePublished\":\"2013-09-26T10:48:09+00:00\",\"breadcrumb\":{\"@id\":\"https:\/\/www.monteescalier.net\/france\/monte-escalier-chauve\/#breadcrumb\"},\"inLanguage\":\"fr-FR\",\"potentialAction\":[{\"@type\":\"ReadAction\",\"target\":[\"https:\/\/www.monteescalier.net\/france\/monte-escalier-chauve\/\"]}]},{\"@type\":\"BreadcrumbList\",\"@id\":\"https:\/\/www.monteescalier.net\/france\/monte-escalier-chauve\/#breadcrumb\",\"itemListElement\":[{\"@type\":\"ListItem\",\"position\":1,\"name\":\"Accueil\",\"item\":\"https:\/\/www.monteescalier.net\/france\/\"},{\"@type\":\"ListItem\",\"position\":2,\"name\":\"Monte escalier Chauv\u00e9\"}]},{\"@type\":\"WebSite\",\"@id\":\"https:\/\/www.monteescalier.net\/france\/#website\",\"url\":\"https:\/\/www.monteescalier.net\/france\/\",\"name\":\"Monte escalier\",\"description\":\"\",\"publisher\":{\"@id\":\"https:\/\/www.monteescalier.net\/france\/#organization\"},\"potentialAction\":[{\"@type\":\"SearchAction\",\"target\":{\"@type\":\"EntryPoint\",\"urlTemplate\":\"https:\/\/www.monteescalier.net\/france\/?s={search_term_string}\"},\"query-input\":{\"@type\":\"PropertyValueSpecification\",\"valueRequired\":true,\"valueName\":\"search_term_string\"}}],\"inLanguage\":\"fr-FR\"},{\"@type\":\"Organization\",\"@id\":\"https:\/\/www.monteescalier.net\/france\/#organization\",\"name\":\"monte-escalier.net\",\"url\":\"https:\/\/www.monteescalier.net\/france\/\",\"logo\":{\"@type\":\"ImageObject\",\"inLanguage\":\"fr-FR\",\"@id\":\"https:\/\/www.monteescalier.net\/france\/#\/schema\/logo\/image\/\",\"url\":\"https:\/\/www.monteescalier.net\/france\/wp-content\/uploads\/2016\/10\/4devis-mont-escalier-500-500.gif\",\"contentUrl\":\"https:\/\/www.monteescalier.net\/france\/wp-content\/uploads\/2016\/10\/4devis-mont-escalier-500-500.gif\",\"width\":500,\"height\":500,\"caption\":\"monte-escalier.net\"},\"image\":{\"@id\":\"https:\/\/www.monteescalier.net\/france\/#\/schema\/logo\/image\/\"}}]}<\/script>\n<!-- \/ Yoast SEO plugin. -->","yoast_head_json":{"title":"Monte escalier Chauv\u00e9 - Monte escalier","robots":{"index":"index","follow":"follow","max-snippet":"max-snippet:-1","max-image-preview":"max-image-preview:large","max-video-preview":"max-video-preview:-1"},"canonical":"https:\/\/www.monteescalier.net\/france\/monte-escalier-chauve\/","og_locale":"fr_FR","og_type":"article","og_title":"Monte escalier Chauv\u00e9 - Monte escalier","og_description":"Bien acheter son monte escalier \u00e0 Chauv\u00e9 Qui contacter pour un monte escalier \u00e0 Chauv\u00e9 ? C&rsquo;est \u00e0 cette questionque le site monteescalier.net vous propose d&rsquo;apporter la r\u00e9ponse en vous proposant ses services exclusifs. L&rsquo;\u00e9quipe de monteescalier.net vous propose de s\u00e9lectionner pour vous les installateurs de monte escalier les plus comp\u00e9titifs dans la r\u00e9gion de [&hellip;]","og_url":"https:\/\/www.monteescalier.net\/france\/monte-escalier-chauve\/","og_site_name":"Monte escalier","twitter_card":"summary_large_image","twitter_misc":{"Dur\u00e9e de lecture estim\u00e9e":"2 minutes"},"schema":{"@context":"https:\/\/schema.org","@graph":[{"@type":"WebPage","@id":"https:\/\/www.monteescalier.net\/france\/monte-escalier-chauve\/","url":"https:\/\/www.monteescalier.net\/france\/monte-escalier-chauve\/","name":"Monte escalier Chauv\u00e9 - Monte escalier","isPartOf":{"@id":"https:\/\/www.monteescalier.net\/france\/#website"},"datePublished":"2013-09-26T10:48:09+00:00","breadcrumb":{"@id":"https:\/\/www.monteescalier.net\/france\/monte-escalier-chauve\/#breadcrumb"},"inLanguage":"fr-FR","potentialAction":[{"@type":"ReadAction","target":["https:\/\/www.monteescalier.net\/france\/monte-escalier-chauve\/"]}]},{"@type":"BreadcrumbList","@id":"https:\/\/www.monteescalier.net\/france\/monte-escalier-chauve\/#breadcrumb","itemListElement":[{"@type":"ListItem","position":1,"name":"Accueil","item":"https:\/\/www.monteescalier.net\/france\/"},{"@type":"ListItem","position":2,"name":"Monte escalier Chauv\u00e9"}]},{"@type":"WebSite","@id":"https:\/\/www.monteescalier.net\/france\/#website","url":"https:\/\/www.monteescalier.net\/france\/","name":"Monte escalier","description":"","publisher":{"@id":"https:\/\/www.monteescalier.net\/france\/#organization"},"potentialAction":[{"@type":"SearchAction","target":{"@type":"EntryPoint","urlTemplate":"https:\/\/www.monteescalier.net\/france\/?s={search_term_string}"},"query-input":{"@type":"PropertyValueSpecification","valueRequired":true,"valueName":"search_term_string"}}],"inLanguage":"fr-FR"},{"@type":"Organization","@id":"https:\/\/www.monteescalier.net\/france\/#organization","name":"monte-escalier.net","url":"https:\/\/www.monteescalier.net\/france\/","logo":{"@type":"ImageObject","inLanguage":"fr-FR","@id":"https:\/\/www.monteescalier.net\/france\/#\/schema\/logo\/image\/","url":"https:\/\/www.monteescalier.net\/france\/wp-content\/uploads\/2016\/10\/4devis-mont-escalier-500-500.gif","contentUrl":"https:\/\/www.monteescalier.net\/france\/wp-content\/uploads\/2016\/10\/4devis-mont-escalier-500-500.gif","width":500,"height":500,"caption":"monte-escalier.net"},"image":{"@id":"https:\/\/www.monteescalier.net\/france\/#\/schema\/logo\/image\/"}}]}},"_links":{"self":[{"href":"https:\/\/www.monteescalier.net\/france\/wp-json\/wp\/v2\/pages\/5042","targetHints":{"allow":["GET"]}}],"collection":[{"href":"https:\/\/www.monteescalier.net\/france\/wp-json\/wp\/v2\/pages"}],"about":[{"href":"https:\/\/www.monteescalier.net\/france\/wp-json\/wp\/v2\/types\/page"}],"author":[{"embeddable":true,"href":"https:\/\/www.monteescalier.net\/france\/wp-json\/wp\/v2\/users\/1"}],"replies":[{"embeddable":true,"href":"https:\/\/www.monteescalier.net\/france\/wp-json\/wp\/v2\/comments?post=5042"}],"version-history":[{"count":0,"href":"https:\/\/www.monteescalier.net\/france\/wp-json\/wp\/v2\/pages\/5042\/revisions"}],"wp:attachment":[{"href":"https:\/\/www.monteescalier.net\/france\/wp-json\/wp\/v2\/media?parent=5042"}],"curies":[{"name":"wp","href":"https:\/\/api.w.org\/{rel}","templated":true}]}}