{"id":921,"date":"2021-02-03T10:47:10","date_gmt":"2021-02-03T09:47:10","guid":{"rendered":"https:\/\/www.monteescalier.net\/france\/?page_id=921"},"modified":"2021-11-08T17:00:23","modified_gmt":"2021-11-08T16:00:23","slug":"monte-escalier-lille","status":"publish","type":"page","link":"https:\/\/www.monteescalier.net\/france\/monte-escalier-lille\/","title":{"rendered":"Monte escalier Lille"},"content":{"rendered":"<h1>Un monte escalier \u00e0 Lille au meilleur prix<\/h1>\n<div class=\"boite_texte\">\n<div style=\"text-align: justify;\">Vous allez faire installer un monte escalier \u00e0 Lille? Avant de vous lancer, vous avez int\u00e9r\u00eat \u00e0 comparer les prix et les prestaions des diff\u00e9rents installateurs de la r\u00e9gion Lilloise. Pour se faire, rien de plus simple: un simple formulaire rempli sur ce site et vous obtiendrez sans attendre 4 ou devis des professionnels de votre r\u00e9gion s\u00e9lectionn\u00e9s par monteescalier.net<\/div>\n<h2><strong>la m\u00e9thode monteescalier.net<\/strong><\/h2>\n<div style=\"text-align: justify;\">Nous sommes en contact avec de nombreux installateurs de la r\u00e9gion des hauts de France et nous pouvons donc vous orienter vers ceux que nous pensons \u00eatre les meilleurs installateurs de monte escalier dans la r\u00e9gion. Sans parti pris, car nous ne sommes inf\u00e9od\u00e9s \u00e0 aucun prestataire et nous ne sommes ni fabricants, ni revendeurs ni m\u00eame installateurs de monte escalier. Nous sommes seulement un facilitateur entre vous et les installateurs de monte escalier, quelle que soit la taille de ces installateurs de monte escalier ( artisan, entreprise d\u00e9partementale, installateur r\u00e9gional ou m\u00eame national). Passer par notre site est donc l&rsquo;assurance de pouvoir \u00eatre mis en relation avec des interlocuteurs de qualit\u00e9 et donc d&rsquo;obtenir rapidement une vue assez exacte du march\u00e9 du monte escalier,c e qui vous \u00e9vitera de vous faire arnaquer par un prestataire ind\u00e9licat.<\/div>\n<\/div>\n<div style=\"text-align: justify;\"><\/div>\n<h2 style=\"text-align: justify;\">Des services gratuits pour les acheteurs de monte escalier<\/h2>\n<div style=\"text-align: justify;\"><\/div>\n<div class=\"boite_texte\">\n<div style=\"text-align: justify;\">\n<p>Que vous sachiez exactement ce que vous voulez, si vous avez besoin d&rsquo;un devis de monte escalier, avec une seule demande de devis de <strong>monte escalier<\/strong> sur notre site vous recevrez\u00a04 et 5 devis totalement gratuits, des offres personnalis\u00e9es et sp\u00e9cifiques \u00e0 votre installation de monte escalier, dans ce cas utilisez le formulaire en haute de cette page.<\/p>\n<\/div>\n<div style=\"text-align: justify;\">L&rsquo;installation d&rsquo;un monte escalier est une op\u00e9ration tr\u00e8s technique qui n\u00e9cessite une pr\u00e9paration minutieuse et ainsi garantir votre s\u00e9curit\u00e9 sur le fauteuil monte escalier. Il est en cons\u00e9quence normal que vous vous posiez des questions sur cette installation. Pour lever vos h\u00e9sitations, nous vous proposons de remplir une demande de rappel afin que nos partenaires experts puissent vous rappeler et vous donner par t\u00e9l\u00e9phone leurs avis respectifs sur la mise en place de votre monte escalier (dans ce cas utilisez le formulaire en bas de cette page)<\/div>\n<p>&nbsp;<\/p>\n<div align=\"center\">\n<div id=\"attachment_6764\" style=\"width: 310px\" class=\"wp-caption aligncenter\"><a href=\"https:\/\/www.monteescalier.net\/france\/wp-content\/uploads\/2013\/09\/Lille-Grande_Place.jpg\"><img loading=\"lazy\" decoding=\"async\" aria-describedby=\"caption-attachment-6764\" class=\"size-medium wp-image-6764\" src=\"https:\/\/www.monteescalier.net\/france\/wp-content\/uploads\/2013\/09\/Lille-Grande_Place-300x225.jpg\" alt=\"Grande place de Lille. Photo R\u00e9mih\" width=\"300\" height=\"225\" srcset=\"https:\/\/www.monteescalier.net\/france\/wp-content\/uploads\/2013\/09\/Lille-Grande_Place-300x225.jpg 300w, https:\/\/www.monteescalier.net\/france\/wp-content\/uploads\/2013\/09\/Lille-Grande_Place-1024x768.jpg 1024w, https:\/\/www.monteescalier.net\/france\/wp-content\/uploads\/2013\/09\/Lille-Grande_Place.jpg 1280w\" sizes=\"auto, (max-width: 300px) 100vw, 300px\" \/><\/a><p id=\"caption-attachment-6764\" class=\"wp-caption-text\">Grande place de Lille. Photo <a href=\"http:\/\/fr.wikipedia.org\/wiki\/Utilisateur:R%C3%A9mih\" target=\"_blank\" rel=\"noopener noreferrer\">R\u00e9mih<\/a><\/p><\/div>\n<\/div>\n<div style=\"text-align: justify;\">Vous vous interrogez sur les marques et les mod\u00e8les de monte escalier ? Dans ce cas, pour vous aider, vous aurez sans doute besoin de recevoir de la documentation sur les appareils que les installateurs sont susceptibles d&rsquo;installer chez vous.\u00a0Demandez alors de la documentation gratuite sur les monte escaliers. Nos partenaires revendeurs peuvent, en effet, quand ils ent disposent, vous faire parvenir de la documentation sur les mod\u00e8les qu&rsquo;ils proposent \u00e0 la vente et qui vous permettront sans doute d&rsquo;\u00e9tablir une pr\u00e9selection entre les diff\u00e9rents mod\u00e8les que vous pourriez poser chez vous.<\/div>\n<p>&nbsp;<\/p>\n<div style=\"text-align: justify;\">Avec monteescalier.net, pas de mauvaise surprise en vue : nous ne facturons absolument rien et vous ne prenez aucun engagement en faisant une demande sur notre site: les devis, documentation et rappel sont gratuits ! Tous nos partenaires vendeurs de monte escalier sur Lille s&rsquo;y engagent. Testez-nous, vous ne le regretterez pas. R\u00e9servez le meilleur accueil aux prestataires que nous avons pr\u00e9selectionn\u00e9 pour vous, c&rsquo;est tout ce que nous vous demandons ! Pour le reste vous restez totalement maitres du jeu et donc libre de choisir avec qui, au final, vous allez travailler pour votre monte escalier.<\/div>\n<p>&nbsp;<\/p>\n<\/div>\n<div class=\"titre_liens\">Voir aussi nos offres dans\u00a0la r\u00e9gion Lilloise:<\/div>\n<div class=\"boite_liens\"><a href=\"https:\/\/www.monteescalier.net\/france\/monte-escalier-roubaix\">Monte escalier Roubaix<\/a><br \/>\n<a href=\"https:\/\/www.monteescalier.net\/france\/monte-escalier-dunkerque\">Monte escalier Dunkerque<\/a><br \/>\n<a href=\"https:\/\/www.monteescalier.net\/france\/monte-escalier-tourcoing\">Monte escalier Tourcoing<\/a><br \/>\n<a href=\"https:\/\/www.monteescalier.net\/france\/monte-escalier-villeneuve-d-ascq\">Monte escalier Villeneuve-d&rsquo;Ascq<\/a><br \/>\n<a href=\"https:\/\/www.monteescalier.net\/france\/monte-escalier-valenciennes\">Monte escalier Valenciennes<\/a><\/div>\n","protected":false},"excerpt":{"rendered":"<p>Un monte escalier \u00e0 Lille au meilleur prix Vous allez faire installer un monte escalier \u00e0 Lille? Avant de vous lancer, vous avez int\u00e9r\u00eat \u00e0 comparer les prix et les prestaions des diff\u00e9rents installateurs de la r\u00e9gion Lilloise. Pour se faire, rien de plus simple: un simple formulaire rempli sur ce site et vous obtiendrez [&hellip;]<\/p>\n","protected":false},"author":1,"featured_media":0,"parent":0,"menu_order":0,"comment_status":"closed","ping_status":"open","template":"template_ville_17.php","meta":{"_monsterinsights_skip_tracking":false,"_monsterinsights_sitenote_active":false,"_monsterinsights_sitenote_note":"","_monsterinsights_sitenote_category":0,"footnotes":""},"class_list":["post-921","page","type-page","status-publish","hentry"],"yoast_head":"<!-- This site is optimized with the Yoast SEO plugin v26.3 - https:\/\/yoast.com\/wordpress\/plugins\/seo\/ -->\n<title>Monte escalier Lille - Monte escalier<\/title>\n<meta name=\"description\" content=\"Trouvez une entreprise pour r\u00e9aliser l&#039;installation de votre monte-escaliers \u00e0 Lille.\" \/>\n<meta name=\"robots\" content=\"index, follow, max-snippet:-1, max-image-preview:large, max-video-preview:-1\" \/>\n<link rel=\"canonical\" href=\"https:\/\/www.monteescalier.net\/france\/monte-escalier-lille\/\" \/>\n<meta property=\"og:locale\" content=\"fr_FR\" \/>\n<meta property=\"og:type\" content=\"article\" \/>\n<meta property=\"og:title\" content=\"Monte escalier Lille - Monte escalier\" \/>\n<meta property=\"og:description\" content=\"Trouvez une entreprise pour r\u00e9aliser l&#039;installation de votre monte-escaliers \u00e0 Lille.\" \/>\n<meta property=\"og:url\" content=\"https:\/\/www.monteescalier.net\/france\/monte-escalier-lille\/\" \/>\n<meta property=\"og:site_name\" content=\"Monte escalier\" \/>\n<meta property=\"article:modified_time\" content=\"2021-11-08T16:00:23+00:00\" \/>\n<meta property=\"og:image\" content=\"https:\/\/www.monteescalier.net\/france\/wp-content\/uploads\/2013\/09\/Lille-Grande_Place-300x225.jpg\" \/>\n<meta name=\"twitter:card\" content=\"summary_large_image\" \/>\n<meta name=\"twitter:label1\" content=\"Dur\u00e9e de lecture estim\u00e9e\" \/>\n\t<meta name=\"twitter:data1\" content=\"3 minutes\" \/>\n<script type=\"application\/ld+json\" class=\"yoast-schema-graph\">{\"@context\":\"https:\/\/schema.org\",\"@graph\":[{\"@type\":\"WebPage\",\"@id\":\"https:\/\/www.monteescalier.net\/france\/monte-escalier-lille\/\",\"url\":\"https:\/\/www.monteescalier.net\/france\/monte-escalier-lille\/\",\"name\":\"Monte escalier Lille - Monte escalier\",\"isPartOf\":{\"@id\":\"https:\/\/www.monteescalier.net\/france\/#website\"},\"primaryImageOfPage\":{\"@id\":\"https:\/\/www.monteescalier.net\/france\/monte-escalier-lille\/#primaryimage\"},\"image\":{\"@id\":\"https:\/\/www.monteescalier.net\/france\/monte-escalier-lille\/#primaryimage\"},\"thumbnailUrl\":\"https:\/\/www.monteescalier.net\/france\/wp-content\/uploads\/2013\/09\/Lille-Grande_Place-300x225.jpg\",\"datePublished\":\"2021-02-03T09:47:10+00:00\",\"dateModified\":\"2021-11-08T16:00:23+00:00\",\"description\":\"Trouvez une entreprise pour r\u00e9aliser l'installation de votre monte-escaliers \u00e0 Lille.\",\"breadcrumb\":{\"@id\":\"https:\/\/www.monteescalier.net\/france\/monte-escalier-lille\/#breadcrumb\"},\"inLanguage\":\"fr-FR\",\"potentialAction\":[{\"@type\":\"ReadAction\",\"target\":[\"https:\/\/www.monteescalier.net\/france\/monte-escalier-lille\/\"]}]},{\"@type\":\"ImageObject\",\"inLanguage\":\"fr-FR\",\"@id\":\"https:\/\/www.monteescalier.net\/france\/monte-escalier-lille\/#primaryimage\",\"url\":\"https:\/\/www.monteescalier.net\/france\/wp-content\/uploads\/2013\/09\/Lille-Grande_Place.jpg\",\"contentUrl\":\"https:\/\/www.monteescalier.net\/france\/wp-content\/uploads\/2013\/09\/Lille-Grande_Place.jpg\",\"width\":1280,\"height\":960,\"caption\":\"Grande place de Lille. Photo R\u00e9mih\"},{\"@type\":\"BreadcrumbList\",\"@id\":\"https:\/\/www.monteescalier.net\/france\/monte-escalier-lille\/#breadcrumb\",\"itemListElement\":[{\"@type\":\"ListItem\",\"position\":1,\"name\":\"Accueil\",\"item\":\"https:\/\/www.monteescalier.net\/france\/\"},{\"@type\":\"ListItem\",\"position\":2,\"name\":\"Monte escalier Lille\"}]},{\"@type\":\"WebSite\",\"@id\":\"https:\/\/www.monteescalier.net\/france\/#website\",\"url\":\"https:\/\/www.monteescalier.net\/france\/\",\"name\":\"Monte escalier\",\"description\":\"\",\"publisher\":{\"@id\":\"https:\/\/www.monteescalier.net\/france\/#organization\"},\"potentialAction\":[{\"@type\":\"SearchAction\",\"target\":{\"@type\":\"EntryPoint\",\"urlTemplate\":\"https:\/\/www.monteescalier.net\/france\/?s={search_term_string}\"},\"query-input\":{\"@type\":\"PropertyValueSpecification\",\"valueRequired\":true,\"valueName\":\"search_term_string\"}}],\"inLanguage\":\"fr-FR\"},{\"@type\":\"Organization\",\"@id\":\"https:\/\/www.monteescalier.net\/france\/#organization\",\"name\":\"monte-escalier.net\",\"url\":\"https:\/\/www.monteescalier.net\/france\/\",\"logo\":{\"@type\":\"ImageObject\",\"inLanguage\":\"fr-FR\",\"@id\":\"https:\/\/www.monteescalier.net\/france\/#\/schema\/logo\/image\/\",\"url\":\"https:\/\/www.monteescalier.net\/france\/wp-content\/uploads\/2016\/10\/4devis-mont-escalier-500-500.gif\",\"contentUrl\":\"https:\/\/www.monteescalier.net\/france\/wp-content\/uploads\/2016\/10\/4devis-mont-escalier-500-500.gif\",\"width\":500,\"height\":500,\"caption\":\"monte-escalier.net\"},\"image\":{\"@id\":\"https:\/\/www.monteescalier.net\/france\/#\/schema\/logo\/image\/\"}}]}<\/script>\n<!-- \/ Yoast SEO plugin. -->","yoast_head_json":{"title":"Monte escalier Lille - Monte escalier","description":"Trouvez une entreprise pour r\u00e9aliser l'installation de votre monte-escaliers \u00e0 Lille.","robots":{"index":"index","follow":"follow","max-snippet":"max-snippet:-1","max-image-preview":"max-image-preview:large","max-video-preview":"max-video-preview:-1"},"canonical":"https:\/\/www.monteescalier.net\/france\/monte-escalier-lille\/","og_locale":"fr_FR","og_type":"article","og_title":"Monte escalier Lille - Monte escalier","og_description":"Trouvez une entreprise pour r\u00e9aliser l'installation de votre monte-escaliers \u00e0 Lille.","og_url":"https:\/\/www.monteescalier.net\/france\/monte-escalier-lille\/","og_site_name":"Monte escalier","article_modified_time":"2021-11-08T16:00:23+00:00","og_image":[{"url":"https:\/\/www.monteescalier.net\/france\/wp-content\/uploads\/2013\/09\/Lille-Grande_Place-300x225.jpg","type":"","width":"","height":""}],"twitter_card":"summary_large_image","twitter_misc":{"Dur\u00e9e de lecture estim\u00e9e":"3 minutes"},"schema":{"@context":"https:\/\/schema.org","@graph":[{"@type":"WebPage","@id":"https:\/\/www.monteescalier.net\/france\/monte-escalier-lille\/","url":"https:\/\/www.monteescalier.net\/france\/monte-escalier-lille\/","name":"Monte escalier Lille - Monte escalier","isPartOf":{"@id":"https:\/\/www.monteescalier.net\/france\/#website"},"primaryImageOfPage":{"@id":"https:\/\/www.monteescalier.net\/france\/monte-escalier-lille\/#primaryimage"},"image":{"@id":"https:\/\/www.monteescalier.net\/france\/monte-escalier-lille\/#primaryimage"},"thumbnailUrl":"https:\/\/www.monteescalier.net\/france\/wp-content\/uploads\/2013\/09\/Lille-Grande_Place-300x225.jpg","datePublished":"2021-02-03T09:47:10+00:00","dateModified":"2021-11-08T16:00:23+00:00","description":"Trouvez une entreprise pour r\u00e9aliser l'installation de votre monte-escaliers \u00e0 Lille.","breadcrumb":{"@id":"https:\/\/www.monteescalier.net\/france\/monte-escalier-lille\/#breadcrumb"},"inLanguage":"fr-FR","potentialAction":[{"@type":"ReadAction","target":["https:\/\/www.monteescalier.net\/france\/monte-escalier-lille\/"]}]},{"@type":"ImageObject","inLanguage":"fr-FR","@id":"https:\/\/www.monteescalier.net\/france\/monte-escalier-lille\/#primaryimage","url":"https:\/\/www.monteescalier.net\/france\/wp-content\/uploads\/2013\/09\/Lille-Grande_Place.jpg","contentUrl":"https:\/\/www.monteescalier.net\/france\/wp-content\/uploads\/2013\/09\/Lille-Grande_Place.jpg","width":1280,"height":960,"caption":"Grande place de Lille. Photo R\u00e9mih"},{"@type":"BreadcrumbList","@id":"https:\/\/www.monteescalier.net\/france\/monte-escalier-lille\/#breadcrumb","itemListElement":[{"@type":"ListItem","position":1,"name":"Accueil","item":"https:\/\/www.monteescalier.net\/france\/"},{"@type":"ListItem","position":2,"name":"Monte escalier Lille"}]},{"@type":"WebSite","@id":"https:\/\/www.monteescalier.net\/france\/#website","url":"https:\/\/www.monteescalier.net\/france\/","name":"Monte escalier","description":"","publisher":{"@id":"https:\/\/www.monteescalier.net\/france\/#organization"},"potentialAction":[{"@type":"SearchAction","target":{"@type":"EntryPoint","urlTemplate":"https:\/\/www.monteescalier.net\/france\/?s={search_term_string}"},"query-input":{"@type":"PropertyValueSpecification","valueRequired":true,"valueName":"search_term_string"}}],"inLanguage":"fr-FR"},{"@type":"Organization","@id":"https:\/\/www.monteescalier.net\/france\/#organization","name":"monte-escalier.net","url":"https:\/\/www.monteescalier.net\/france\/","logo":{"@type":"ImageObject","inLanguage":"fr-FR","@id":"https:\/\/www.monteescalier.net\/france\/#\/schema\/logo\/image\/","url":"https:\/\/www.monteescalier.net\/france\/wp-content\/uploads\/2016\/10\/4devis-mont-escalier-500-500.gif","contentUrl":"https:\/\/www.monteescalier.net\/france\/wp-content\/uploads\/2016\/10\/4devis-mont-escalier-500-500.gif","width":500,"height":500,"caption":"monte-escalier.net"},"image":{"@id":"https:\/\/www.monteescalier.net\/france\/#\/schema\/logo\/image\/"}}]}},"_links":{"self":[{"href":"https:\/\/www.monteescalier.net\/france\/wp-json\/wp\/v2\/pages\/921","targetHints":{"allow":["GET"]}}],"collection":[{"href":"https:\/\/www.monteescalier.net\/france\/wp-json\/wp\/v2\/pages"}],"about":[{"href":"https:\/\/www.monteescalier.net\/france\/wp-json\/wp\/v2\/types\/page"}],"author":[{"embeddable":true,"href":"https:\/\/www.monteescalier.net\/france\/wp-json\/wp\/v2\/users\/1"}],"replies":[{"embeddable":true,"href":"https:\/\/www.monteescalier.net\/france\/wp-json\/wp\/v2\/comments?post=921"}],"version-history":[{"count":9,"href":"https:\/\/www.monteescalier.net\/france\/wp-json\/wp\/v2\/pages\/921\/revisions"}],"predecessor-version":[{"id":8404,"href":"https:\/\/www.monteescalier.net\/france\/wp-json\/wp\/v2\/pages\/921\/revisions\/8404"}],"wp:attachment":[{"href":"https:\/\/www.monteescalier.net\/france\/wp-json\/wp\/v2\/media?parent=921"}],"curies":[{"name":"wp","href":"https:\/\/api.w.org\/{rel}","templated":true}]}}