{"id":976,"date":"2021-02-26T10:47:11","date_gmt":"2021-02-26T09:47:11","guid":{"rendered":"https:\/\/www.monteescalier.net\/france\/?page_id=976"},"modified":"2021-11-10T10:29:25","modified_gmt":"2021-11-10T09:29:25","slug":"monte-escalier-colmar","status":"publish","type":"page","link":"https:\/\/www.monteescalier.net\/france\/monte-escalier-colmar\/","title":{"rendered":"Monte escalier Colmar"},"content":{"rendered":"<h1>Vous souhaitez vous \u00e9quiper\u00a0d&rsquo;un monte escalier \u00e0 Colmar<\/h1>\n<div class=\"boite_texte\">\n<div style=\"text-align: justify;\">\n<p>Vous voulez avoir\u00a0un monte escalier dans votre maison \u00e0 Colmar, monteescalier.net va vous aider dans la recherche du prestataire et vous permettre en plus de faire des \u00e9conomies sur cet achat important !<\/p>\n<\/div>\n<div style=\"text-align: justify;\">Monteescalier.net est un portail mettant en rapport les acheteurs potentiels de monte escalier et les vendeurs de monte escalier. Passer par notre site est en cons\u00e9quence l&rsquo;assurance de pouvoir \u00eatre mis en relation avec les principaux vendeurs de monte escalier de Colmar.<\/div>\n<p>&nbsp;<\/p>\n<div style=\"text-align: justify;\">A quoi bon multipliez les demandes \u00e0 droite et \u00e0 gauche, alors que nous vous proposons gratuitement de centraliser votre demande aupr\u00e8s des professionnels du monte escalier de Colmar. Saisissez vite vos coordonn\u00e9es dans notre formulaire de demande de devis et vous recevrez leurs propositions directement dans votre boite mail (ou par courrier si vous pr\u00e9f\u00e9rez).<\/div>\n<p>&nbsp;<\/p>\n<div align=\"center\">\n<div id=\"attachment_6837\" style=\"width: 310px\" class=\"wp-caption aligncenter\"><a href=\"https:\/\/www.monteescalier.net\/france\/wp-content\/uploads\/2013\/09\/ville-colmar.jpg\"><img loading=\"lazy\" decoding=\"async\" aria-describedby=\"caption-attachment-6837\" class=\"size-medium wp-image-6837\" src=\"https:\/\/www.monteescalier.net\/france\/wp-content\/uploads\/2013\/09\/ville-colmar-300x225.jpg\" alt=\"Centre historique de Colmar\" width=\"300\" height=\"225\" srcset=\"https:\/\/www.monteescalier.net\/france\/wp-content\/uploads\/2013\/09\/ville-colmar-300x225.jpg 300w, https:\/\/www.monteescalier.net\/france\/wp-content\/uploads\/2013\/09\/ville-colmar-1024x768.jpg 1024w, https:\/\/www.monteescalier.net\/france\/wp-content\/uploads\/2013\/09\/ville-colmar.jpg 1280w\" sizes=\"auto, (max-width: 300px) 100vw, 300px\" \/><\/a><p id=\"caption-attachment-6837\" class=\"wp-caption-text\">Centre historique de Colmar<\/p><\/div>\n<\/div>\n<div style=\"text-align: justify;\">Avoir des sp\u00e9cialistes du monte escalier au bout du fil pour discuter de votre projet, voici ce que vous permettra notre site si vous remplissez une demande de rappel. Vous serez tr\u00e8s rapidement recontact\u00e9s par nos partenaires experts qui pourront r\u00e9pondre \u00e0 toutes vos questions relatives \u00e0 la singularit\u00e9 de l&rsquo;installation de votre monte escalier.<\/div>\n<p>&nbsp;<\/p>\n<div style=\"text-align: justify;\">Consulter des brochures de pr\u00e9sentation produits peut vous aider \u00e0 faire une pr\u00e9selection parmi les mod\u00e8les de monte escalier. Nos partenaires peuvent mettre \u00e0 votre disposition des brochures papier ou \u00e9lectroniques. Le formulaire de demande de documentation sur ce site vous permettra d&rsquo;acc\u00e9der gratuitement \u00e0 ce service.<\/div>\n<p>&nbsp;<\/p>\n<div>Avec monteescalier.net, pas de mauvaise surprise en vue : nous ne facturons absolument rien et vous ne prenez aucun engagement en faisant une demande sur notre site: les devis, documentation et rappel sont gratuits ! Tous nos partenaires vendeurs de monte escalier sur Colmar s&rsquo;y engagent. Testez-nous, vous ne le regretterez pas.<\/div>\n<\/div>\n<p>&nbsp;<\/p>\n<div class=\"titre_liens\">Liens utiles vers nos offres monte escalier dans les communes alentours<\/div>\n<p>&nbsp;<\/p>\n<div class=\"boite_liens\"><a href=\"https:\/\/www.monteescalier.net\/france\/monte-escalier-saint-louis\">Monte escalier Saint-Louis<\/a><br \/>\n<a href=\"https:\/\/www.monteescalier.net\/france\/monte-escalier-illzach\">Monte escalier Illzach<\/a><br \/>\n<a href=\"https:\/\/www.monteescalier.net\/france\/monte-escalier-wittenheim\">Monte escalier Wittenheim<\/a><br \/>\n<a href=\"https:\/\/www.monteescalier.net\/france\/monte-escalier-kingersheim\">Monte escalier Kingersheim<\/a><br \/>\n<a href=\"https:\/\/www.monteescalier.net\/france\/monte-escalier-rixheim\">Monte escalier Rixheim<\/a><\/div>\n<div class=\"boite_liens\"><\/div>\n<div class=\"boite_liens\">MAJ 01\/12\/2016<\/div>\n","protected":false},"excerpt":{"rendered":"<p>Vous souhaitez vous \u00e9quiper\u00a0d&rsquo;un monte escalier \u00e0 Colmar Vous voulez avoir\u00a0un monte escalier dans votre maison \u00e0 Colmar, monteescalier.net va vous aider dans la recherche du prestataire et vous permettre en plus de faire des \u00e9conomies sur cet achat important ! Monteescalier.net est un portail mettant en rapport les acheteurs potentiels de monte escalier et [&hellip;]<\/p>\n","protected":false},"author":1,"featured_media":0,"parent":0,"menu_order":0,"comment_status":"closed","ping_status":"open","template":"template_ville_18.php","meta":{"_monsterinsights_skip_tracking":false,"_monsterinsights_sitenote_active":false,"_monsterinsights_sitenote_note":"","_monsterinsights_sitenote_category":0,"footnotes":""},"class_list":["post-976","page","type-page","status-publish","hentry"],"yoast_head":"<!-- This site is optimized with the Yoast SEO plugin v26.3 - https:\/\/yoast.com\/wordpress\/plugins\/seo\/ -->\n<title>Monte escalier Colmar - Monte escalier<\/title>\n<meta name=\"description\" content=\"Trouvez un de nos partenaires installeur pour r\u00e9aliser l&#039;installation de votre monte-escaliers \u00e0 Colmar\" \/>\n<meta name=\"robots\" content=\"index, follow, max-snippet:-1, max-image-preview:large, max-video-preview:-1\" \/>\n<link rel=\"canonical\" href=\"https:\/\/www.monteescalier.net\/france\/monte-escalier-colmar\/\" \/>\n<meta property=\"og:locale\" content=\"fr_FR\" \/>\n<meta property=\"og:type\" content=\"article\" \/>\n<meta property=\"og:title\" content=\"Monte escalier Colmar - Monte escalier\" \/>\n<meta property=\"og:description\" content=\"Trouvez un de nos partenaires installeur pour r\u00e9aliser l&#039;installation de votre monte-escaliers \u00e0 Colmar\" \/>\n<meta property=\"og:url\" content=\"https:\/\/www.monteescalier.net\/france\/monte-escalier-colmar\/\" \/>\n<meta property=\"og:site_name\" content=\"Monte escalier\" \/>\n<meta property=\"article:modified_time\" content=\"2021-11-10T09:29:25+00:00\" \/>\n<meta property=\"og:image\" content=\"https:\/\/www.monteescalier.net\/france\/wp-content\/uploads\/2013\/09\/ville-colmar-300x225.jpg\" \/>\n<meta name=\"twitter:card\" content=\"summary_large_image\" \/>\n<meta name=\"twitter:label1\" content=\"Dur\u00e9e de lecture estim\u00e9e\" \/>\n\t<meta name=\"twitter:data1\" content=\"2 minutes\" \/>\n<script type=\"application\/ld+json\" class=\"yoast-schema-graph\">{\"@context\":\"https:\/\/schema.org\",\"@graph\":[{\"@type\":\"WebPage\",\"@id\":\"https:\/\/www.monteescalier.net\/france\/monte-escalier-colmar\/\",\"url\":\"https:\/\/www.monteescalier.net\/france\/monte-escalier-colmar\/\",\"name\":\"Monte escalier Colmar - Monte escalier\",\"isPartOf\":{\"@id\":\"https:\/\/www.monteescalier.net\/france\/#website\"},\"primaryImageOfPage\":{\"@id\":\"https:\/\/www.monteescalier.net\/france\/monte-escalier-colmar\/#primaryimage\"},\"image\":{\"@id\":\"https:\/\/www.monteescalier.net\/france\/monte-escalier-colmar\/#primaryimage\"},\"thumbnailUrl\":\"https:\/\/www.monteescalier.net\/france\/wp-content\/uploads\/2013\/09\/ville-colmar-300x225.jpg\",\"datePublished\":\"2021-02-26T09:47:11+00:00\",\"dateModified\":\"2021-11-10T09:29:25+00:00\",\"description\":\"Trouvez un de nos partenaires installeur pour r\u00e9aliser l'installation de votre monte-escaliers \u00e0 Colmar\",\"breadcrumb\":{\"@id\":\"https:\/\/www.monteescalier.net\/france\/monte-escalier-colmar\/#breadcrumb\"},\"inLanguage\":\"fr-FR\",\"potentialAction\":[{\"@type\":\"ReadAction\",\"target\":[\"https:\/\/www.monteescalier.net\/france\/monte-escalier-colmar\/\"]}]},{\"@type\":\"ImageObject\",\"inLanguage\":\"fr-FR\",\"@id\":\"https:\/\/www.monteescalier.net\/france\/monte-escalier-colmar\/#primaryimage\",\"url\":\"https:\/\/www.monteescalier.net\/france\/wp-content\/uploads\/2013\/09\/ville-colmar.jpg\",\"contentUrl\":\"https:\/\/www.monteescalier.net\/france\/wp-content\/uploads\/2013\/09\/ville-colmar.jpg\",\"width\":1280,\"height\":960,\"caption\":\"Centre historique de Colmar\"},{\"@type\":\"BreadcrumbList\",\"@id\":\"https:\/\/www.monteescalier.net\/france\/monte-escalier-colmar\/#breadcrumb\",\"itemListElement\":[{\"@type\":\"ListItem\",\"position\":1,\"name\":\"Accueil\",\"item\":\"https:\/\/www.monteescalier.net\/france\/\"},{\"@type\":\"ListItem\",\"position\":2,\"name\":\"Monte escalier Colmar\"}]},{\"@type\":\"WebSite\",\"@id\":\"https:\/\/www.monteescalier.net\/france\/#website\",\"url\":\"https:\/\/www.monteescalier.net\/france\/\",\"name\":\"Monte escalier\",\"description\":\"\",\"publisher\":{\"@id\":\"https:\/\/www.monteescalier.net\/france\/#organization\"},\"potentialAction\":[{\"@type\":\"SearchAction\",\"target\":{\"@type\":\"EntryPoint\",\"urlTemplate\":\"https:\/\/www.monteescalier.net\/france\/?s={search_term_string}\"},\"query-input\":{\"@type\":\"PropertyValueSpecification\",\"valueRequired\":true,\"valueName\":\"search_term_string\"}}],\"inLanguage\":\"fr-FR\"},{\"@type\":\"Organization\",\"@id\":\"https:\/\/www.monteescalier.net\/france\/#organization\",\"name\":\"monte-escalier.net\",\"url\":\"https:\/\/www.monteescalier.net\/france\/\",\"logo\":{\"@type\":\"ImageObject\",\"inLanguage\":\"fr-FR\",\"@id\":\"https:\/\/www.monteescalier.net\/france\/#\/schema\/logo\/image\/\",\"url\":\"https:\/\/www.monteescalier.net\/france\/wp-content\/uploads\/2016\/10\/4devis-mont-escalier-500-500.gif\",\"contentUrl\":\"https:\/\/www.monteescalier.net\/france\/wp-content\/uploads\/2016\/10\/4devis-mont-escalier-500-500.gif\",\"width\":500,\"height\":500,\"caption\":\"monte-escalier.net\"},\"image\":{\"@id\":\"https:\/\/www.monteescalier.net\/france\/#\/schema\/logo\/image\/\"}}]}<\/script>\n<!-- \/ Yoast SEO plugin. -->","yoast_head_json":{"title":"Monte escalier Colmar - Monte escalier","description":"Trouvez un de nos partenaires installeur pour r\u00e9aliser l'installation de votre monte-escaliers \u00e0 Colmar","robots":{"index":"index","follow":"follow","max-snippet":"max-snippet:-1","max-image-preview":"max-image-preview:large","max-video-preview":"max-video-preview:-1"},"canonical":"https:\/\/www.monteescalier.net\/france\/monte-escalier-colmar\/","og_locale":"fr_FR","og_type":"article","og_title":"Monte escalier Colmar - Monte escalier","og_description":"Trouvez un de nos partenaires installeur pour r\u00e9aliser l'installation de votre monte-escaliers \u00e0 Colmar","og_url":"https:\/\/www.monteescalier.net\/france\/monte-escalier-colmar\/","og_site_name":"Monte escalier","article_modified_time":"2021-11-10T09:29:25+00:00","og_image":[{"url":"https:\/\/www.monteescalier.net\/france\/wp-content\/uploads\/2013\/09\/ville-colmar-300x225.jpg","type":"","width":"","height":""}],"twitter_card":"summary_large_image","twitter_misc":{"Dur\u00e9e de lecture estim\u00e9e":"2 minutes"},"schema":{"@context":"https:\/\/schema.org","@graph":[{"@type":"WebPage","@id":"https:\/\/www.monteescalier.net\/france\/monte-escalier-colmar\/","url":"https:\/\/www.monteescalier.net\/france\/monte-escalier-colmar\/","name":"Monte escalier Colmar - Monte escalier","isPartOf":{"@id":"https:\/\/www.monteescalier.net\/france\/#website"},"primaryImageOfPage":{"@id":"https:\/\/www.monteescalier.net\/france\/monte-escalier-colmar\/#primaryimage"},"image":{"@id":"https:\/\/www.monteescalier.net\/france\/monte-escalier-colmar\/#primaryimage"},"thumbnailUrl":"https:\/\/www.monteescalier.net\/france\/wp-content\/uploads\/2013\/09\/ville-colmar-300x225.jpg","datePublished":"2021-02-26T09:47:11+00:00","dateModified":"2021-11-10T09:29:25+00:00","description":"Trouvez un de nos partenaires installeur pour r\u00e9aliser l'installation de votre monte-escaliers \u00e0 Colmar","breadcrumb":{"@id":"https:\/\/www.monteescalier.net\/france\/monte-escalier-colmar\/#breadcrumb"},"inLanguage":"fr-FR","potentialAction":[{"@type":"ReadAction","target":["https:\/\/www.monteescalier.net\/france\/monte-escalier-colmar\/"]}]},{"@type":"ImageObject","inLanguage":"fr-FR","@id":"https:\/\/www.monteescalier.net\/france\/monte-escalier-colmar\/#primaryimage","url":"https:\/\/www.monteescalier.net\/france\/wp-content\/uploads\/2013\/09\/ville-colmar.jpg","contentUrl":"https:\/\/www.monteescalier.net\/france\/wp-content\/uploads\/2013\/09\/ville-colmar.jpg","width":1280,"height":960,"caption":"Centre historique de Colmar"},{"@type":"BreadcrumbList","@id":"https:\/\/www.monteescalier.net\/france\/monte-escalier-colmar\/#breadcrumb","itemListElement":[{"@type":"ListItem","position":1,"name":"Accueil","item":"https:\/\/www.monteescalier.net\/france\/"},{"@type":"ListItem","position":2,"name":"Monte escalier Colmar"}]},{"@type":"WebSite","@id":"https:\/\/www.monteescalier.net\/france\/#website","url":"https:\/\/www.monteescalier.net\/france\/","name":"Monte escalier","description":"","publisher":{"@id":"https:\/\/www.monteescalier.net\/france\/#organization"},"potentialAction":[{"@type":"SearchAction","target":{"@type":"EntryPoint","urlTemplate":"https:\/\/www.monteescalier.net\/france\/?s={search_term_string}"},"query-input":{"@type":"PropertyValueSpecification","valueRequired":true,"valueName":"search_term_string"}}],"inLanguage":"fr-FR"},{"@type":"Organization","@id":"https:\/\/www.monteescalier.net\/france\/#organization","name":"monte-escalier.net","url":"https:\/\/www.monteescalier.net\/france\/","logo":{"@type":"ImageObject","inLanguage":"fr-FR","@id":"https:\/\/www.monteescalier.net\/france\/#\/schema\/logo\/image\/","url":"https:\/\/www.monteescalier.net\/france\/wp-content\/uploads\/2016\/10\/4devis-mont-escalier-500-500.gif","contentUrl":"https:\/\/www.monteescalier.net\/france\/wp-content\/uploads\/2016\/10\/4devis-mont-escalier-500-500.gif","width":500,"height":500,"caption":"monte-escalier.net"},"image":{"@id":"https:\/\/www.monteescalier.net\/france\/#\/schema\/logo\/image\/"}}]}},"_links":{"self":[{"href":"https:\/\/www.monteescalier.net\/france\/wp-json\/wp\/v2\/pages\/976","targetHints":{"allow":["GET"]}}],"collection":[{"href":"https:\/\/www.monteescalier.net\/france\/wp-json\/wp\/v2\/pages"}],"about":[{"href":"https:\/\/www.monteescalier.net\/france\/wp-json\/wp\/v2\/types\/page"}],"author":[{"embeddable":true,"href":"https:\/\/www.monteescalier.net\/france\/wp-json\/wp\/v2\/users\/1"}],"replies":[{"embeddable":true,"href":"https:\/\/www.monteescalier.net\/france\/wp-json\/wp\/v2\/comments?post=976"}],"version-history":[{"count":6,"href":"https:\/\/www.monteescalier.net\/france\/wp-json\/wp\/v2\/pages\/976\/revisions"}],"predecessor-version":[{"id":7488,"href":"https:\/\/www.monteescalier.net\/france\/wp-json\/wp\/v2\/pages\/976\/revisions\/7488"}],"wp:attachment":[{"href":"https:\/\/www.monteescalier.net\/france\/wp-json\/wp\/v2\/media?parent=976"}],"curies":[{"name":"wp","href":"https:\/\/api.w.org\/{rel}","templated":true}]}}